{"id":55697,"date":"2025-12-10T00:23:48","date_gmt":"2025-12-10T05:23:48","guid":{"rendered":"https:\/\/latamobility.com\/?page_id=55697"},"modified":"2025-12-10T13:50:27","modified_gmt":"2025-12-10T18:50:27","slug":"newsroom-br","status":"publish","type":"page","link":"https:\/\/latamobility.com\/pt-br\/newsroom-br\/","title":{"rendered":"Newsroom br"},"content":{"rendered":"\t\t<div data-elementor-type=\"wp-page\" data-elementor-id=\"55697\" class=\"elementor elementor-55697 elementor-50966\" data-elementor-post-type=\"page\">\n\t\t\t\t<div class=\"elementor-element elementor-element-f66b8d5 e-con-full e-flex e-con e-parent\" data-id=\"f66b8d5\" data-element_type=\"container\" data-e-type=\"container\">\n\t\t\t\t<div class=\"elementor-element elementor-element-e4871b3 premium-post-ticker__layout-1 pa-infinite-ticker-yes elementor-widget elementor-widget-premium-post-ticker\" data-id=\"e4871b3\" data-element_type=\"widget\" data-e-type=\"widget\" data-widget_type=\"premium-post-ticker.default\">\n\t\t\t\t<div class=\"elementor-widget-container\">\n\t\t\t\t\t\t\t\t<div class=\"premium-post-ticker__outer-wrapper premium-post-ticker__hidden \" data-ticker-settings=\"{&quot;layout&quot;:&quot;layout-1&quot;,&quot;typing&quot;:false,&quot;fade&quot;:false,&quot;arrows&quot;:false,&quot;infinite&quot;:true,&quot;autoPlay&quot;:true,&quot;vertical&quot;:false,&quot;speed&quot;:10000,&quot;slidesToShow&quot;:null,&quot;pauseOnHover&quot;:true,&quot;animation&quot;:&quot;&quot;,&quot;shouldBeRtl&quot;:false,&quot;autoplaySpeed&quot;:null}\">\n\t\t\t\t\t\t\t\t\t\t\t\t\t\t<div class=\"premium-post-ticker__header-wrapper\">\n\t\t\t\t\t\t\t\t<div class=\"premium-post-ticker__date-wrapper elementor-hidden-desktop elementor-hidden-tablet elementor-hidden-mobile premium-addons-element\">\n\t\t\t<span class=\"premium-post-ticker__date\"> 1 de maio de 2026<\/span>\n\t\t<\/div>\n\t\t\t\t\t\t\t<\/div>\n\t\t\t\t\t\n\t\t\t\t\t<div class=\"premium-post-ticker__content\">\n\t\t\t\t\t\t\t\t<div class=\"premium-post-ticker__title-wrapper\">\n\t\t\t\n\t\t\t<h4 class=\"premium-post-ticker__title\"> TENDENCIA <\/h4>\n\t\t<\/div>\n\t\t\n\t\t\t\t\t\t<div dir=\"ltr\" class=\"premium-post-ticker__posts-wrapper\">\n\t\t\t\t\t\t\t\n\t\t<div class=\"premium-post-ticker__post-wrapper animated \">\n\n\t\t\t\n\t\t\t\n\t\t\t<div>\n\t\t\t\t<h4 class=\"premium-post-ticker__post-title\">\n\t\t\t\t\t<a href=\"https:\/\/latamobility.com\/pt-br\/kpmg-brasil-alerta-o-grande-desafio-da-pegada-de-carbono-em-veiculos-sao-os-dados-primarios-dos-fornecedores\/\" target=\"_blank\">\n\t\t\t\t\t\tKPMG Brasil\u00a0alerta: o grande desafio da pegada de carbono em ve\u00edculos s\u00e3o\u00a0os dados prim\u00e1rios dos fornecedores\t\t\t\t\t<\/a>\n\t\t\t\t<\/h4>\n\t\t\t<\/div>\n\n\t\t\t\t\t\t\t<div>\n\t\t\t\t\t<span class=\"premium-post-ticker__post-date\">\n\t\t\t\t\t\t<span>abril 30, 2026<\/span>\n\t\t\t\t\t<\/span>\n\t\t\t\t<\/div>\n\t\t\t\n\t\t\t\t\t\t\t<div class=\"premium-post-ticker__separator\"><\/div>\n\t\t\t\n\t\t<\/div>\n\n\t\t\n\t\t<div class=\"premium-post-ticker__post-wrapper animated \">\n\n\t\t\t\n\t\t\t\n\t\t\t<div>\n\t\t\t\t<h4 class=\"premium-post-ticker__post-title\">\n\t\t\t\t\t<a href=\"https:\/\/latamobility.com\/pt-br\/mexico-acelera-sua-transicao-para-a-eletromobilidade-com-numeros-recordes-e-aposta-firme-no-transporte-publico-zero-emissoes\/\" target=\"_blank\">\n\t\t\t\t\t\tM\u00e9xico acelera sua transi\u00e7\u00e3o para a eletromobilidade com n\u00fameros recordes e aposta firme no transporte p\u00fablico zero emiss\u00f5es\t\t\t\t\t<\/a>\n\t\t\t\t<\/h4>\n\t\t\t<\/div>\n\n\t\t\t\t\t\t\t<div>\n\t\t\t\t\t<span class=\"premium-post-ticker__post-date\">\n\t\t\t\t\t\t<span>abril 30, 2026<\/span>\n\t\t\t\t\t<\/span>\n\t\t\t\t<\/div>\n\t\t\t\n\t\t\t\t\t\t\t<div class=\"premium-post-ticker__separator\"><\/div>\n\t\t\t\n\t\t<\/div>\n\n\t\t\n\t\t<div class=\"premium-post-ticker__post-wrapper animated \">\n\n\t\t\t\n\t\t\t\n\t\t\t<div>\n\t\t\t\t<h4 class=\"premium-post-ticker__post-title\">\n\t\t\t\t\t<a href=\"https:\/\/latamobility.com\/pt-br\/abve-latam-mobility-brasil-2026-market-share-veiculos-eletrificados-2026\/\" target=\"_blank\">\n\t\t\t\t\t\tABVE revela no Latam Mobility Brasil 2026 que o pa\u00eds superou 16,8% de market share de ve\u00edculos eletrificados e projeta mais de 300 mil unidades em 2026\t\t\t\t\t<\/a>\n\t\t\t\t<\/h4>\n\t\t\t<\/div>\n\n\t\t\t\t\t\t\t<div>\n\t\t\t\t\t<span class=\"premium-post-ticker__post-date\">\n\t\t\t\t\t\t<span>abril 29, 2026<\/span>\n\t\t\t\t\t<\/span>\n\t\t\t\t<\/div>\n\t\t\t\n\t\t\t\t\t\t\t<div class=\"premium-post-ticker__separator\"><\/div>\n\t\t\t\n\t\t<\/div>\n\n\t\t\n\t\t<div class=\"premium-post-ticker__post-wrapper animated \">\n\n\t\t\t\n\t\t\t\n\t\t\t<div>\n\t\t\t\t<h4 class=\"premium-post-ticker__post-title\">\n\t\t\t\t\t<a href=\"https:\/\/latamobility.com\/pt-br\/electrificacion-transporte-publico-brasil-latam-mobility-2026\/\" target=\"_blank\">\n\t\t\t\t\t\tMinist\u00e9rio das Cidades,\u00a0C40,\u00a0SPTrans,\u00a0Eletra Industrial,\u00a0MCTrans\u00a0e Porto Velho impulsionam a\u00a0coordena\u00e7\u00e3o multin\u00edvel\u00a0para a\u00a0eletrifica\u00e7\u00e3o em massa do transporte coletivo\t\t\t\t\t<\/a>\n\t\t\t\t<\/h4>\n\t\t\t<\/div>\n\n\t\t\t\t\t\t\t<div>\n\t\t\t\t\t<span class=\"premium-post-ticker__post-date\">\n\t\t\t\t\t\t<span>abril 29, 2026<\/span>\n\t\t\t\t\t<\/span>\n\t\t\t\t<\/div>\n\t\t\t\n\t\t\t\t\t\t\t<div class=\"premium-post-ticker__separator\"><\/div>\n\t\t\t\n\t\t<\/div>\n\n\t\t\t\t\t\t\t\t<\/div>\n\n\t\t\t\t\t\t\t\t\t\t\t<\/div>\n\t\t\t\t\t\t\t<\/div>\n\t\t\t\t\t\t<\/div>\n\t\t\t\t<\/div>\n\t\t\t\t<\/div>\n\t\t<div class=\"elementor-element elementor-element-13257d4 e-flex e-con-boxed e-con e-parent\" data-id=\"13257d4\" data-element_type=\"container\" data-e-type=\"container\" data-settings=\"{&quot;background_background&quot;:&quot;classic&quot;}\">\n\t\t\t\t\t<div class=\"e-con-inner\">\n\t\t\t\t<div class=\"elementor-element elementor-element-09c105a premium-smart-listing__3 premium-no-featured-yes premium-smart-listing__zoomin premium-loading-animation__slide-up elementor-widget elementor-widget-premium-smart-post-listing\" data-id=\"09c105a\" data-element_type=\"widget\" data-e-type=\"widget\" data-settings=\"{&quot;pa_spl_skin&quot;:&quot;skin-3&quot;,&quot;listing_cols&quot;:&quot;3&quot;}\" data-widget_type=\"premium-smart-post-listing.default\">\n\t\t\t\t<div class=\"elementor-widget-container\">\n\t\t\t\t\t\t\t\t<div class=\"premium-smart-listing__wrapper premium-slide-up\" data-page=\"55697\">\n\t\t\t\t<div class=\"premium-smart-listing__header-wrapper\">\n\t\t\t\t\t\t\t\t\t\t<div class=\"premium-smart-listing__navigation-outer-container\">\n\t\t\t\t\t\t\t\t\t\t\t\t\t\t\t\t\t<\/div>\n\t\t\t\t<\/div>\n\t\t\t\t<div class=\"premium-smart-listing__posts-outer-wrapper premium-smart-listing__skin-3\">\n\t\t\t\t\t\t\t<div class=\"premium-smart-listing__featured-posts-wrapper\">\n\t\t\t<div class=\"premium-smart-listing__featured-post-wrapper premium-smart-listing__grid-item\">\n\t\t\t\t<div class=\"premium-smart-listing__post-thumbnail-wrapper\">\n\t\t\t\t\t\t\t<div class=\"premium-smart-listing__cat-container\">\r\n\t\t\t<ul class=\"post-categories\">\r\n\t\t\t\t<li><a href=\"https:\/\/latamobility.com\/pt-br\/encuentros-movilidad-sostenible-pt-br\/\" class=\"premium-smart-listing__category  elementor-repeater-item-130e201\">Encuentros<\/a><\/li>\t\t\t<\/ul>\r\n\t\t<\/div>\r\n\t\t\t\t\t\t\t<div class=\"premium-smart-listing__thumbnail-container\" style=\"background-image: url(https:\/\/latamobility.com\/wp-content\/uploads\/2026\/04\/Keynote-1-D2-a.jpg);\">\n\t\t\t\t\t\t\t\t\t\t<\/div>\n\t\t\t\t\t<div class=\"premium-smart-listing__thumbnail-overlay\">\n\t\t\t\t\t\t<a class=\"elementor-icon\" href=\"https:\/\/latamobility.com\/pt-br\/kpmg-brasil-alerta-o-grande-desafio-da-pegada-de-carbono-em-veiculos-sao-os-dados-primarios-dos-fornecedores\/\" target=\"_self\" aria-hidden=\"true\"><\/a>\n\t\t\t\t\t<\/div>\n\t\t\t\t<\/div>\n\t\t\t\t<div class=\"premium-smart-listing__post-content-wrapper\">\n\t\t\t\t\t<div class=\"premium-smart-listing__post-title-wrapper\"> \t\t<h4 class=\"premium-smart-listing__post-title\">\n\t\t\t<a href=\"https:\/\/latamobility.com\/pt-br\/kpmg-brasil-alerta-o-grande-desafio-da-pegada-de-carbono-em-veiculos-sao-os-dados-primarios-dos-fornecedores\/\" target=\"_self\">\n\t\t\t\tKPMG Brasil\u00a0alerta: o grande desafio da pegada de carbono em ve\u00edculos s\u00e3o\u00a0os dados prim\u00e1rios dos fornecedores\t\t\t<\/a>\n\t\t<\/h4>\n\t\t <\/div>\n\t\t\t\t\t<div class=\"premium-smart-listing__post-meta-container \"> \t\t\t\t\t\t\t<div class=\"premium-smart-listing__post-author premium-smart-listing__post-meta\">\r\n\t\t\t\t\t<i class=\"fa fa-user fa-fw\" aria-hidden=\"true\"><\/i>\r\n\t\t\t\t\t<a href=\"https:\/\/latamobility.com\/pt-br\/author\/antoniovilela\/\" title=\"Posts de Antonio Vilela\" rel=\"author\">Antonio Vilela<\/a>\t\t\t\t<\/div>\r\n\t\t\t\r\n\t\t\t\t\t\t\t<span class=\"premium-smart-listing__meta-separator\">\u22c5<\/span>\r\n\t\t\t\t<div class=\"premium-smart-listing__post-time premium-smart-listing__post-meta\">\r\n\t\t\t\t\t<i class=\"fa fa-clock-o\" aria-hidden=\"true\"><\/i>\r\n\t\t\t\t\t<span>30 de abril de 2026<\/span>\r\n\t\t\t\t<\/div>\r\n\t\t\t\r\n\t\t\t\r\n\t\t\t\t\t <\/div>\n\t\t\t\t\t\t\t\t\t<\/div>\n\t\t\t<\/div>\n\t\t<\/div>\n\n\t\t\t\t\t\t\t\t\t<div class=\"premium-smart-listing__posts-wrapper\">\n\t\t\t\t\t\t\t\t\t\t<div class=\"premium-smart-listing__post-wrapper premium-smart-listing__grid-item\" data-total=\"84\">\n\t\t\t\t\t\t\t\t\t<div class=\"premium-smart-listing__post-thumbnail-wrapper\">\n\t\t\t\t\t\t<div class=\"premium-smart-listing__thumbnail-container\" style=\"background-image:url(https:\/\/latamobility.com\/wp-content\/uploads\/2026\/04\/Mexico-280426-h.png)\" >\n\t\t\t\t\t\t\t\t\t\t\t\t<\/div>\n\t\t\t\t\t\t<div class=\"premium-smart-listing__thumbnail-overlay\">\n\t\t\t\t\t\t\t<a class=\"elementor-icon\" href=\"https:\/\/latamobility.com\/pt-br\/mexico-acelera-sua-transicao-para-a-eletromobilidade-com-numeros-recordes-e-aposta-firme-no-transporte-publico-zero-emissoes\/\" target=\"_self\" aria-hidden=\"true\"><\/a>\n\t\t\t\t\t\t<\/div>\n\t\t\t\t\t<\/div>\n\t\t\t\t\t\t\t\t\t\t<div class=\"premium-smart-listing__post-content-wrapper\">\n\t\t\t\t\t\t\t\t<div class=\"premium-smart-listing__cat-container\">\r\n\t\t\t<ul class=\"post-categories\">\r\n\t\t\t\t<li><a href=\"https:\/\/latamobility.com\/pt-br\/movilidad-electrica-pt-br\/\" class=\"premium-smart-listing__category  elementor-repeater-item-130e201\">Movilidad el\u00e9ctrica<\/a><\/li>\t\t\t<\/ul>\r\n\t\t<\/div>\r\n\t\t\t\t\t\t\t\t<div class=\"premium-smart-listing__post-title-wrapper\"> \t\t<h4 class=\"premium-smart-listing__post-title\">\n\t\t\t<a href=\"https:\/\/latamobility.com\/pt-br\/mexico-acelera-sua-transicao-para-a-eletromobilidade-com-numeros-recordes-e-aposta-firme-no-transporte-publico-zero-emissoes\/\" target=\"_self\">\n\t\t\t\tM\u00e9xico acelera sua transi\u00e7\u00e3o para a eletromobilidade com n\u00fameros recordes e aposta firme no transporte p\u00fablico zero emiss\u00f5es\t\t\t<\/a>\n\t\t<\/h4>\n\t\t  <\/div>\n\t\t\t\t\t\t<div class=\"premium-smart-listing__post-meta-container \"> \t\t\t\t\t\t\t<div class=\"premium-smart-listing__post-author premium-smart-listing__post-meta\">\r\n\t\t\t\t\t<i class=\"fa fa-user fa-fw\" aria-hidden=\"true\"><\/i>\r\n\t\t\t\t\t<a href=\"https:\/\/latamobility.com\/pt-br\/author\/antoniovilela\/\" title=\"Posts de Antonio Vilela\" rel=\"author\">Antonio Vilela<\/a>\t\t\t\t<\/div>\r\n\t\t\t\r\n\t\t\t\t\t\t\t<span class=\"premium-smart-listing__meta-separator\">\u22c5<\/span>\r\n\t\t\t\t<div class=\"premium-smart-listing__post-time premium-smart-listing__post-meta\">\r\n\t\t\t\t\t<i class=\"fa fa-clock-o\" aria-hidden=\"true\"><\/i>\r\n\t\t\t\t\t<span>30 de abril de 2026<\/span>\r\n\t\t\t\t<\/div>\r\n\t\t\t\r\n\t\t\t\r\n\t\t\t\t\t <\/div>\n\t\t\t\t\t\t\t\t\t\t\t<\/div>\n\t\t\t<\/div>\n\n\t\t\t\t\t<div class=\"premium-smart-listing__post-wrapper premium-smart-listing__grid-item\" data-total=\"84\">\n\t\t\t\t\t\t\t\t\t<div class=\"premium-smart-listing__post-thumbnail-wrapper\">\n\t\t\t\t\t\t<div class=\"premium-smart-listing__thumbnail-container\" style=\"background-image:url(https:\/\/latamobility.com\/wp-content\/uploads\/2026\/04\/Keynote-ABVE-a.jpg)\" >\n\t\t\t\t\t\t\t\t\t\t\t\t<\/div>\n\t\t\t\t\t\t<div class=\"premium-smart-listing__thumbnail-overlay\">\n\t\t\t\t\t\t\t<a class=\"elementor-icon\" href=\"https:\/\/latamobility.com\/pt-br\/abve-latam-mobility-brasil-2026-market-share-veiculos-eletrificados-2026\/\" target=\"_self\" aria-hidden=\"true\"><\/a>\n\t\t\t\t\t\t<\/div>\n\t\t\t\t\t<\/div>\n\t\t\t\t\t\t\t\t\t\t<div class=\"premium-smart-listing__post-content-wrapper\">\n\t\t\t\t\t\t\t\t<div class=\"premium-smart-listing__cat-container\">\r\n\t\t\t<ul class=\"post-categories\">\r\n\t\t\t\t<li><a href=\"https:\/\/latamobility.com\/pt-br\/encuentros-movilidad-sostenible-pt-br\/\" class=\"premium-smart-listing__category  elementor-repeater-item-130e201\">Encuentros<\/a><\/li>\t\t\t<\/ul>\r\n\t\t<\/div>\r\n\t\t\t\t\t\t\t\t<div class=\"premium-smart-listing__post-title-wrapper\"> \t\t<h4 class=\"premium-smart-listing__post-title\">\n\t\t\t<a href=\"https:\/\/latamobility.com\/pt-br\/abve-latam-mobility-brasil-2026-market-share-veiculos-eletrificados-2026\/\" target=\"_self\">\n\t\t\t\tABVE revela no Latam Mobility Brasil 2026 que o pa\u00eds superou 16,8% de market share de ve\u00edculos eletrificados e projeta mais de 300 mil unidades em 2026\t\t\t<\/a>\n\t\t<\/h4>\n\t\t  <\/div>\n\t\t\t\t\t\t<div class=\"premium-smart-listing__post-meta-container \"> \t\t\t\t\t\t\t<div class=\"premium-smart-listing__post-author premium-smart-listing__post-meta\">\r\n\t\t\t\t\t<i class=\"fa fa-user fa-fw\" aria-hidden=\"true\"><\/i>\r\n\t\t\t\t\t<a href=\"https:\/\/latamobility.com\/pt-br\/author\/antoniovilela\/\" title=\"Posts de Antonio Vilela\" rel=\"author\">Antonio Vilela<\/a>\t\t\t\t<\/div>\r\n\t\t\t\r\n\t\t\t\t\t\t\t<span class=\"premium-smart-listing__meta-separator\">\u22c5<\/span>\r\n\t\t\t\t<div class=\"premium-smart-listing__post-time premium-smart-listing__post-meta\">\r\n\t\t\t\t\t<i class=\"fa fa-clock-o\" aria-hidden=\"true\"><\/i>\r\n\t\t\t\t\t<span>29 de abril de 2026<\/span>\r\n\t\t\t\t<\/div>\r\n\t\t\t\r\n\t\t\t\r\n\t\t\t\t\t <\/div>\n\t\t\t\t\t\t\t\t\t\t\t<\/div>\n\t\t\t<\/div>\n\n\t\t\t\t\t<div class=\"premium-smart-listing__post-wrapper premium-smart-listing__grid-item\" data-total=\"84\">\n\t\t\t\t\t\t\t\t\t<div class=\"premium-smart-listing__post-thumbnail-wrapper\">\n\t\t\t\t\t\t<div class=\"premium-smart-listing__thumbnail-container\" style=\"background-image:url(https:\/\/latamobility.com\/wp-content\/uploads\/2026\/04\/Panel-7-e.jpg)\" >\n\t\t\t\t\t\t\t\t\t\t\t\t<\/div>\n\t\t\t\t\t\t<div class=\"premium-smart-listing__thumbnail-overlay\">\n\t\t\t\t\t\t\t<a class=\"elementor-icon\" href=\"https:\/\/latamobility.com\/pt-br\/electrificacion-transporte-publico-brasil-latam-mobility-2026\/\" target=\"_self\" aria-hidden=\"true\"><\/a>\n\t\t\t\t\t\t<\/div>\n\t\t\t\t\t<\/div>\n\t\t\t\t\t\t\t\t\t\t<div class=\"premium-smart-listing__post-content-wrapper\">\n\t\t\t\t\t\t\t\t<div class=\"premium-smart-listing__cat-container\">\r\n\t\t\t<ul class=\"post-categories\">\r\n\t\t\t\t<li><a href=\"https:\/\/latamobility.com\/pt-br\/encuentros-movilidad-sostenible-pt-br\/\" class=\"premium-smart-listing__category  elementor-repeater-item-130e201\">Encuentros<\/a><\/li>\t\t\t<\/ul>\r\n\t\t<\/div>\r\n\t\t\t\t\t\t\t\t<div class=\"premium-smart-listing__post-title-wrapper\"> \t\t<h4 class=\"premium-smart-listing__post-title\">\n\t\t\t<a href=\"https:\/\/latamobility.com\/pt-br\/electrificacion-transporte-publico-brasil-latam-mobility-2026\/\" target=\"_self\">\n\t\t\t\tMinist\u00e9rio das Cidades,\u00a0C40,\u00a0SPTrans,\u00a0Eletra Industrial,\u00a0MCTrans\u00a0e Porto Velho impulsionam a\u00a0coordena\u00e7\u00e3o multin\u00edvel\u00a0para a\u00a0eletrifica\u00e7\u00e3o em massa do transporte coletivo\t\t\t<\/a>\n\t\t<\/h4>\n\t\t  <\/div>\n\t\t\t\t\t\t<div class=\"premium-smart-listing__post-meta-container \"> \t\t\t\t\t\t\t<div class=\"premium-smart-listing__post-author premium-smart-listing__post-meta\">\r\n\t\t\t\t\t<i class=\"fa fa-user fa-fw\" aria-hidden=\"true\"><\/i>\r\n\t\t\t\t\t<a href=\"https:\/\/latamobility.com\/pt-br\/author\/antoniovilela\/\" title=\"Posts de Antonio Vilela\" rel=\"author\">Antonio Vilela<\/a>\t\t\t\t<\/div>\r\n\t\t\t\r\n\t\t\t\t\t\t\t<span class=\"premium-smart-listing__meta-separator\">\u22c5<\/span>\r\n\t\t\t\t<div class=\"premium-smart-listing__post-time premium-smart-listing__post-meta\">\r\n\t\t\t\t\t<i class=\"fa fa-clock-o\" aria-hidden=\"true\"><\/i>\r\n\t\t\t\t\t<span>29 de abril de 2026<\/span>\r\n\t\t\t\t<\/div>\r\n\t\t\t\r\n\t\t\t\r\n\t\t\t\t\t <\/div>\n\t\t\t\t\t\t\t\t\t\t\t<\/div>\n\t\t\t<\/div>\n\n\t\t\n\t\t\t\t\t\t\t\t\t<\/div>\n\t\t\t\t\n\t\t\t\t\t\t\t\t<\/div>\n\t\t\t\t\n\t\t\t\t\t\t\t<\/div>\n\t\t\t\t\t\t<\/div>\n\t\t\t\t<\/div>\n\t\t\t\t\t<\/div>\n\t\t\t\t<\/div>\n\t\t<div class=\"elementor-element elementor-element-2a5b424 e-flex e-con-boxed e-con e-parent\" data-id=\"2a5b424\" data-element_type=\"container\" data-e-type=\"container\" data-settings=\"{&quot;background_background&quot;:&quot;classic&quot;}\">\n\t\t\t\t\t<div class=\"e-con-inner\">\n\t\t\t\t<div class=\"elementor-element elementor-element-e8157d7 elementor-widget__width-inherit fondo-gris elementor-hidden-mobile premium-blog-align-left elementor-widget elementor-widget-premium-addon-blog\" data-id=\"e8157d7\" data-element_type=\"widget\" data-e-type=\"widget\" data-settings=\"{&quot;filter_flag&quot;:&quot;cat&quot;,&quot;force_height&quot;:&quot;true&quot;,&quot;premium_blog_grid&quot;:&quot;yes&quot;,&quot;premium_blog_layout&quot;:&quot;even&quot;,&quot;premium_blog_columns_number&quot;:&quot;50%&quot;,&quot;premium_blog_columns_number_tablet&quot;:&quot;50%&quot;,&quot;premium_blog_columns_number_mobile&quot;:&quot;100%&quot;,&quot;scroll_to_offset&quot;:&quot;yes&quot;}\" data-widget_type=\"premium-addon-blog.default\">\n\t\t\t\t<div class=\"elementor-widget-container\">\n\t\t\t\t\t\n\t\t\t\t\t\t\t<div class=\"premium-blog-filter\">\n\t\t\t<ul class=\"premium-blog-filters-container\">\n\t\t\t\t\t\t\t\t\t<li>\n\t\t\t\t\t\t<a href=\"javascript:;\" class=\"category active\" data-filter=\"*\">\n\t\t\t\t\t\t\tTodas\t\t\t\t\t\t<\/a>\n\t\t\t\t\t<\/li>\n\t\t\t\t\t\t\t\t\t\t\t\t\t\t<li>\n\t\t\t\t\t\t\t<a href=\"javascript:;\" class=\"category\" data-filter=\"encuentros-movilidad-sostenible-pt-br\">\n\t\t\t\t\t\t\t\tEncuentros\t\t\t\t\t\t\t<\/a>\n\t\t\t\t\t\t<\/li>\n\t\t\t\t\t\t\t\t\t\t<li>\n\t\t\t\t\t\t\t<a href=\"javascript:;\" class=\"category\" data-filter=\"movilidad-electrica-pt-br\">\n\t\t\t\t\t\t\t\tMovilidad el\u00e9ctrica\t\t\t\t\t\t\t<\/a>\n\t\t\t\t\t\t<\/li>\n\t\t\t\t\t\t\t<\/ul>\n\t\t<\/div>\n\t\t\t\t\n\n\t\t\t\t<div class=\"premium-blog-wrap  premium-blog-even\" data-page=\"55697\" data-pagination=\"true\">\n\t\t\t\t\t\t\t\t\t<div class=\"premium-blog-post-outer-container encuentros-movilidad-sostenible-pt-br\" data-total=\"34\">\n\t\t\t<div class=\"premium-blog-post-container premium-blog-skin-side\">\n\t\t\t\t\t\t\t\t\t<div class=\"premium-blog-thumb-effect-wrapper\">\n\t\t\t\t\t\t<div class=\"premium-blog-thumbnail-container premium-blog-zoomin-effect\">\n\t\t\t\t\t\t\t<img fetchpriority=\"high\" decoding=\"async\" width=\"2048\" height=\"1365\" src=\"https:\/\/latamobility.com\/wp-content\/uploads\/2026\/04\/Keynote-1-D2-a.jpg\" class=\"attachment-full size-full wp-image-64593\" alt=\"KPMG\" srcset=\"https:\/\/latamobility.com\/wp-content\/uploads\/2026\/04\/Keynote-1-D2-a.jpg 2048w, https:\/\/latamobility.com\/wp-content\/uploads\/2026\/04\/Keynote-1-D2-a-300x200.jpg 300w, https:\/\/latamobility.com\/wp-content\/uploads\/2026\/04\/Keynote-1-D2-a-1024x683.jpg 1024w, https:\/\/latamobility.com\/wp-content\/uploads\/2026\/04\/Keynote-1-D2-a-768x512.jpg 768w, https:\/\/latamobility.com\/wp-content\/uploads\/2026\/04\/Keynote-1-D2-a-1536x1024.jpg 1536w, https:\/\/latamobility.com\/wp-content\/uploads\/2026\/04\/Keynote-1-D2-a-600x400.jpg 600w\" sizes=\"(max-width: 2048px) 100vw, 2048px\" \/>\t\t\t\t\t\t<\/div>\n\t\t\t\t\t\t\t\t\t\t\t\t\t<div class=\"premium-blog-thumbnail-overlay\">\n\t\t\t\t\t\t\t\t<a class=\"elementor-icon\" href=\"https:\/\/latamobility.com\/pt-br\/kpmg-brasil-alerta-o-grande-desafio-da-pegada-de-carbono-em-veiculos-sao-os-dados-primarios-dos-fornecedores\/\" target=\"_self\"><\/a>\n\t\t\t\t\t\t\t<\/div>\n\n\t\t\t\t\t\t\t\t\t\t\t\t\t\t\t\t\t\t<\/div>\n\t\t\t\t\t\t\t\t\t\t\t\t<div class=\"premium-blog-content-wrapper \">\n\n\t\t\t\t\t<div class=\"premium-blog-inner-container\">\n\n\t\t\t\t\t\t\t\t\t\t\t\t\t<div class=\"premium-blog-cats-container\">\n\t\t\t\t\t\t\t\t<ul class=\"post-categories\">\n\t\t\t\t\t\t\t\t\t<li><a href=\"https:\/\/latamobility.com\/pt-br\/encuentros-movilidad-sostenible-pt-br\/\" class=\"elementor-repeater-item-a3db1ba\">Encuentros<\/a><\/li>\t\t\t\t\t\t\t\t<\/ul>\n\t\t\t\t\t\t\t<\/div>\n\t\t\t\t\t\t\t\t\t\t\t\t\t\t<h2 class=\"premium-blog-entry-title\">\n\t\t\t<a href=\"https:\/\/latamobility.com\/pt-br\/kpmg-brasil-alerta-o-grande-desafio-da-pegada-de-carbono-em-veiculos-sao-os-dados-primarios-dos-fornecedores\/\" target=\"_self\">\n\t\t\t\tKPMG Brasil\u00a0alerta: o grande desafio da pegada de carbono em ve\u00edculos s\u00e3o\u00a0os dados prim\u00e1rios dos fornecedores\t\t\t<\/a>\n\t\t<\/h2>\n\t\t\t\t<div class=\"premium-blog-entry-meta\">\n\t\t\t\t\t\t\t<div class=\"premium-blog-post-author premium-blog-meta-data\">\n\t\t\t\t\t<i class=\"fa fa-user fa-fw\" aria-hidden=\"true\"><\/i>\n\t\t\t\t\t<a href=\"https:\/\/latamobility.com\/pt-br\/author\/antoniovilela\/\" title=\"Posts de Antonio Vilela\" rel=\"author\">Antonio Vilela<\/a>\t\t\t\t<\/div>\n\t\t\t\n\t\t\t\t\t\t\t<span class=\"premium-blog-meta-separator\">\u2022<\/span>\n\t\t\t\t<div class=\"premium-blog-post-time premium-blog-meta-data\">\n\t\t\t\t\t<i class=\"fa fa-calendar-alt\" aria-hidden=\"true\"><\/i>\n\t\t\t\t\t<span>30 de abril de 2026<\/span>\n\t\t\t\t<\/div>\n\t\t\t\n\t\t\t\n\t\t\t\t\t<\/div>\n\t\t\n\t\t\t\t\t<\/div>\n\n\t\t\t\t\t\t\t\t\t\t\n\t\t\t\t<\/div>\n\t\t\t<\/div>\n\t\t<\/div>\n\n\t\t\t\t<div class=\"premium-blog-post-outer-container movilidad-electrica-pt-br\" data-total=\"34\">\n\t\t\t<div class=\"premium-blog-post-container premium-blog-skin-side\">\n\t\t\t\t\t\t\t\t\t<div class=\"premium-blog-thumb-effect-wrapper\">\n\t\t\t\t\t\t<div class=\"premium-blog-thumbnail-container premium-blog-zoomin-effect\">\n\t\t\t\t\t\t\t<img decoding=\"async\" width=\"1536\" height=\"1024\" src=\"https:\/\/latamobility.com\/wp-content\/uploads\/2026\/04\/Mexico-280426-h.png\" class=\"attachment-full size-full wp-image-64748\" alt=\"M\u00e9xico\" srcset=\"https:\/\/latamobility.com\/wp-content\/uploads\/2026\/04\/Mexico-280426-h.png 1536w, https:\/\/latamobility.com\/wp-content\/uploads\/2026\/04\/Mexico-280426-h-300x200.png 300w, https:\/\/latamobility.com\/wp-content\/uploads\/2026\/04\/Mexico-280426-h-1024x683.png 1024w, https:\/\/latamobility.com\/wp-content\/uploads\/2026\/04\/Mexico-280426-h-768x512.png 768w, https:\/\/latamobility.com\/wp-content\/uploads\/2026\/04\/Mexico-280426-h-600x400.png 600w\" sizes=\"(max-width: 1536px) 100vw, 1536px\" \/>\t\t\t\t\t\t<\/div>\n\t\t\t\t\t\t\t\t\t\t\t\t\t<div class=\"premium-blog-thumbnail-overlay\">\n\t\t\t\t\t\t\t\t<a class=\"elementor-icon\" href=\"https:\/\/latamobility.com\/pt-br\/mexico-acelera-sua-transicao-para-a-eletromobilidade-com-numeros-recordes-e-aposta-firme-no-transporte-publico-zero-emissoes\/\" target=\"_self\"><\/a>\n\t\t\t\t\t\t\t<\/div>\n\n\t\t\t\t\t\t\t\t\t\t\t\t\t\t\t\t\t\t<\/div>\n\t\t\t\t\t\t\t\t\t\t\t\t<div class=\"premium-blog-content-wrapper \">\n\n\t\t\t\t\t<div class=\"premium-blog-inner-container\">\n\n\t\t\t\t\t\t\t\t\t\t\t\t\t<div class=\"premium-blog-cats-container\">\n\t\t\t\t\t\t\t\t<ul class=\"post-categories\">\n\t\t\t\t\t\t\t\t\t<li><a href=\"https:\/\/latamobility.com\/pt-br\/movilidad-electrica-pt-br\/\" class=\"elementor-repeater-item-a3db1ba\">Movilidad el\u00e9ctrica<\/a><\/li>\t\t\t\t\t\t\t\t<\/ul>\n\t\t\t\t\t\t\t<\/div>\n\t\t\t\t\t\t\t\t\t\t\t\t\t\t<h2 class=\"premium-blog-entry-title\">\n\t\t\t<a href=\"https:\/\/latamobility.com\/pt-br\/mexico-acelera-sua-transicao-para-a-eletromobilidade-com-numeros-recordes-e-aposta-firme-no-transporte-publico-zero-emissoes\/\" target=\"_self\">\n\t\t\t\tM\u00e9xico acelera sua transi\u00e7\u00e3o para a eletromobilidade com n\u00fameros recordes e aposta firme no transporte p\u00fablico zero emiss\u00f5es\t\t\t<\/a>\n\t\t<\/h2>\n\t\t\t\t<div class=\"premium-blog-entry-meta\">\n\t\t\t\t\t\t\t<div class=\"premium-blog-post-author premium-blog-meta-data\">\n\t\t\t\t\t<i class=\"fa fa-user fa-fw\" aria-hidden=\"true\"><\/i>\n\t\t\t\t\t<a href=\"https:\/\/latamobility.com\/pt-br\/author\/antoniovilela\/\" title=\"Posts de Antonio Vilela\" rel=\"author\">Antonio Vilela<\/a>\t\t\t\t<\/div>\n\t\t\t\n\t\t\t\t\t\t\t<span class=\"premium-blog-meta-separator\">\u2022<\/span>\n\t\t\t\t<div class=\"premium-blog-post-time premium-blog-meta-data\">\n\t\t\t\t\t<i class=\"fa fa-calendar-alt\" aria-hidden=\"true\"><\/i>\n\t\t\t\t\t<span>30 de abril de 2026<\/span>\n\t\t\t\t<\/div>\n\t\t\t\n\t\t\t\n\t\t\t\t\t<\/div>\n\t\t\n\t\t\t\t\t<\/div>\n\n\t\t\t\t\t\t\t\t\t\t\n\t\t\t\t<\/div>\n\t\t\t<\/div>\n\t\t<\/div>\n\n\t\t\t\t<div class=\"premium-blog-post-outer-container encuentros-movilidad-sostenible-pt-br\" data-total=\"34\">\n\t\t\t<div class=\"premium-blog-post-container premium-blog-skin-side\">\n\t\t\t\t\t\t\t\t\t<div class=\"premium-blog-thumb-effect-wrapper\">\n\t\t\t\t\t\t<div class=\"premium-blog-thumbnail-container premium-blog-zoomin-effect\">\n\t\t\t\t\t\t\t<img decoding=\"async\" width=\"2048\" height=\"1365\" src=\"https:\/\/latamobility.com\/wp-content\/uploads\/2026\/04\/Panel-7-e.jpg\" class=\"attachment-full size-full wp-image-64575\" alt=\"\" srcset=\"https:\/\/latamobility.com\/wp-content\/uploads\/2026\/04\/Panel-7-e.jpg 2048w, https:\/\/latamobility.com\/wp-content\/uploads\/2026\/04\/Panel-7-e-300x200.jpg 300w, https:\/\/latamobility.com\/wp-content\/uploads\/2026\/04\/Panel-7-e-1024x683.jpg 1024w, https:\/\/latamobility.com\/wp-content\/uploads\/2026\/04\/Panel-7-e-768x512.jpg 768w, https:\/\/latamobility.com\/wp-content\/uploads\/2026\/04\/Panel-7-e-1536x1024.jpg 1536w, https:\/\/latamobility.com\/wp-content\/uploads\/2026\/04\/Panel-7-e-600x400.jpg 600w\" sizes=\"(max-width: 2048px) 100vw, 2048px\" \/>\t\t\t\t\t\t<\/div>\n\t\t\t\t\t\t\t\t\t\t\t\t\t<div class=\"premium-blog-thumbnail-overlay\">\n\t\t\t\t\t\t\t\t<a class=\"elementor-icon\" href=\"https:\/\/latamobility.com\/pt-br\/electrificacion-transporte-publico-brasil-latam-mobility-2026\/\" target=\"_self\"><\/a>\n\t\t\t\t\t\t\t<\/div>\n\n\t\t\t\t\t\t\t\t\t\t\t\t\t\t\t\t\t\t<\/div>\n\t\t\t\t\t\t\t\t\t\t\t\t<div class=\"premium-blog-content-wrapper \">\n\n\t\t\t\t\t<div class=\"premium-blog-inner-container\">\n\n\t\t\t\t\t\t\t\t\t\t\t\t\t<div class=\"premium-blog-cats-container\">\n\t\t\t\t\t\t\t\t<ul class=\"post-categories\">\n\t\t\t\t\t\t\t\t\t<li><a href=\"https:\/\/latamobility.com\/pt-br\/encuentros-movilidad-sostenible-pt-br\/\" class=\"elementor-repeater-item-a3db1ba\">Encuentros<\/a><\/li>\t\t\t\t\t\t\t\t<\/ul>\n\t\t\t\t\t\t\t<\/div>\n\t\t\t\t\t\t\t\t\t\t\t\t\t\t<h2 class=\"premium-blog-entry-title\">\n\t\t\t<a href=\"https:\/\/latamobility.com\/pt-br\/electrificacion-transporte-publico-brasil-latam-mobility-2026\/\" target=\"_self\">\n\t\t\t\tMinist\u00e9rio das Cidades,\u00a0C40,\u00a0SPTrans,\u00a0Eletra Industrial,\u00a0MCTrans\u00a0e Porto Velho impulsionam a\u00a0coordena\u00e7\u00e3o multin\u00edvel\u00a0para a\u00a0eletrifica\u00e7\u00e3o em massa do transporte coletivo\t\t\t<\/a>\n\t\t<\/h2>\n\t\t\t\t<div class=\"premium-blog-entry-meta\">\n\t\t\t\t\t\t\t<div class=\"premium-blog-post-author premium-blog-meta-data\">\n\t\t\t\t\t<i class=\"fa fa-user fa-fw\" aria-hidden=\"true\"><\/i>\n\t\t\t\t\t<a href=\"https:\/\/latamobility.com\/pt-br\/author\/antoniovilela\/\" title=\"Posts de Antonio Vilela\" rel=\"author\">Antonio Vilela<\/a>\t\t\t\t<\/div>\n\t\t\t\n\t\t\t\t\t\t\t<span class=\"premium-blog-meta-separator\">\u2022<\/span>\n\t\t\t\t<div class=\"premium-blog-post-time premium-blog-meta-data\">\n\t\t\t\t\t<i class=\"fa fa-calendar-alt\" aria-hidden=\"true\"><\/i>\n\t\t\t\t\t<span>29 de abril de 2026<\/span>\n\t\t\t\t<\/div>\n\t\t\t\n\t\t\t\n\t\t\t\t\t<\/div>\n\t\t\n\t\t\t\t\t<\/div>\n\n\t\t\t\t\t\t\t\t\t\t\n\t\t\t\t<\/div>\n\t\t\t<\/div>\n\t\t<\/div>\n\n\t\t\t\t<div class=\"premium-blog-post-outer-container encuentros-movilidad-sostenible-pt-br\" data-total=\"34\">\n\t\t\t<div class=\"premium-blog-post-container premium-blog-skin-side\">\n\t\t\t\t\t\t\t\t\t<div class=\"premium-blog-thumb-effect-wrapper\">\n\t\t\t\t\t\t<div class=\"premium-blog-thumbnail-container premium-blog-zoomin-effect\">\n\t\t\t\t\t\t\t<img loading=\"lazy\" decoding=\"async\" width=\"2048\" height=\"1365\" src=\"https:\/\/latamobility.com\/wp-content\/uploads\/2026\/04\/Keynote-ABVE-a.jpg\" class=\"attachment-full size-full wp-image-64681\" alt=\"ABVE\" srcset=\"https:\/\/latamobility.com\/wp-content\/uploads\/2026\/04\/Keynote-ABVE-a.jpg 2048w, https:\/\/latamobility.com\/wp-content\/uploads\/2026\/04\/Keynote-ABVE-a-300x200.jpg 300w, https:\/\/latamobility.com\/wp-content\/uploads\/2026\/04\/Keynote-ABVE-a-1024x683.jpg 1024w, https:\/\/latamobility.com\/wp-content\/uploads\/2026\/04\/Keynote-ABVE-a-768x512.jpg 768w, https:\/\/latamobility.com\/wp-content\/uploads\/2026\/04\/Keynote-ABVE-a-1536x1024.jpg 1536w, https:\/\/latamobility.com\/wp-content\/uploads\/2026\/04\/Keynote-ABVE-a-600x400.jpg 600w\" sizes=\"(max-width: 2048px) 100vw, 2048px\" \/>\t\t\t\t\t\t<\/div>\n\t\t\t\t\t\t\t\t\t\t\t\t\t<div class=\"premium-blog-thumbnail-overlay\">\n\t\t\t\t\t\t\t\t<a class=\"elementor-icon\" href=\"https:\/\/latamobility.com\/pt-br\/abve-latam-mobility-brasil-2026-market-share-veiculos-eletrificados-2026\/\" target=\"_self\"><\/a>\n\t\t\t\t\t\t\t<\/div>\n\n\t\t\t\t\t\t\t\t\t\t\t\t\t\t\t\t\t\t<\/div>\n\t\t\t\t\t\t\t\t\t\t\t\t<div class=\"premium-blog-content-wrapper \">\n\n\t\t\t\t\t<div class=\"premium-blog-inner-container\">\n\n\t\t\t\t\t\t\t\t\t\t\t\t\t<div class=\"premium-blog-cats-container\">\n\t\t\t\t\t\t\t\t<ul class=\"post-categories\">\n\t\t\t\t\t\t\t\t\t<li><a href=\"https:\/\/latamobility.com\/pt-br\/encuentros-movilidad-sostenible-pt-br\/\" class=\"elementor-repeater-item-a3db1ba\">Encuentros<\/a><\/li>\t\t\t\t\t\t\t\t<\/ul>\n\t\t\t\t\t\t\t<\/div>\n\t\t\t\t\t\t\t\t\t\t\t\t\t\t<h2 class=\"premium-blog-entry-title\">\n\t\t\t<a href=\"https:\/\/latamobility.com\/pt-br\/abve-latam-mobility-brasil-2026-market-share-veiculos-eletrificados-2026\/\" target=\"_self\">\n\t\t\t\tABVE revela no Latam Mobility Brasil 2026 que o pa\u00eds superou 16,8% de market share de ve\u00edculos eletrificados e projeta mais de 300 mil unidades em 2026\t\t\t<\/a>\n\t\t<\/h2>\n\t\t\t\t<div class=\"premium-blog-entry-meta\">\n\t\t\t\t\t\t\t<div class=\"premium-blog-post-author premium-blog-meta-data\">\n\t\t\t\t\t<i class=\"fa fa-user fa-fw\" aria-hidden=\"true\"><\/i>\n\t\t\t\t\t<a href=\"https:\/\/latamobility.com\/pt-br\/author\/antoniovilela\/\" title=\"Posts de Antonio Vilela\" rel=\"author\">Antonio Vilela<\/a>\t\t\t\t<\/div>\n\t\t\t\n\t\t\t\t\t\t\t<span class=\"premium-blog-meta-separator\">\u2022<\/span>\n\t\t\t\t<div class=\"premium-blog-post-time premium-blog-meta-data\">\n\t\t\t\t\t<i class=\"fa fa-calendar-alt\" aria-hidden=\"true\"><\/i>\n\t\t\t\t\t<span>29 de abril de 2026<\/span>\n\t\t\t\t<\/div>\n\t\t\t\n\t\t\t\n\t\t\t\t\t<\/div>\n\t\t\n\t\t\t\t\t<\/div>\n\n\t\t\t\t\t\t\t\t\t\t\n\t\t\t\t<\/div>\n\t\t\t<\/div>\n\t\t<\/div>\n\n\t\t\t\t<div class=\"premium-blog-post-outer-container encuentros-movilidad-sostenible-pt-br\" data-total=\"34\">\n\t\t\t<div class=\"premium-blog-post-container premium-blog-skin-side\">\n\t\t\t\t\t\t\t\t\t<div class=\"premium-blog-thumb-effect-wrapper\">\n\t\t\t\t\t\t<div class=\"premium-blog-thumbnail-container premium-blog-zoomin-effect\">\n\t\t\t\t\t\t\t<img loading=\"lazy\" decoding=\"async\" width=\"2048\" height=\"1365\" src=\"https:\/\/latamobility.com\/wp-content\/uploads\/2026\/04\/Keynote-2-c.jpg\" class=\"attachment-full size-full wp-image-64301\" alt=\"Brasil\" srcset=\"https:\/\/latamobility.com\/wp-content\/uploads\/2026\/04\/Keynote-2-c.jpg 2048w, https:\/\/latamobility.com\/wp-content\/uploads\/2026\/04\/Keynote-2-c-300x200.jpg 300w, https:\/\/latamobility.com\/wp-content\/uploads\/2026\/04\/Keynote-2-c-1024x683.jpg 1024w, https:\/\/latamobility.com\/wp-content\/uploads\/2026\/04\/Keynote-2-c-768x512.jpg 768w, https:\/\/latamobility.com\/wp-content\/uploads\/2026\/04\/Keynote-2-c-1536x1024.jpg 1536w, https:\/\/latamobility.com\/wp-content\/uploads\/2026\/04\/Keynote-2-c-600x400.jpg 600w\" sizes=\"(max-width: 2048px) 100vw, 2048px\" \/>\t\t\t\t\t\t<\/div>\n\t\t\t\t\t\t\t\t\t\t\t\t\t<div class=\"premium-blog-thumbnail-overlay\">\n\t\t\t\t\t\t\t\t<a class=\"elementor-icon\" href=\"https:\/\/latamobility.com\/pt-br\/escala-verticalizacao-e-velocidade-as-chaves-da-ascensao-automotiva-chinesa-segundo-a-bright-consulting\/\" target=\"_self\"><\/a>\n\t\t\t\t\t\t\t<\/div>\n\n\t\t\t\t\t\t\t\t\t\t\t\t\t\t\t\t\t\t<\/div>\n\t\t\t\t\t\t\t\t\t\t\t\t<div class=\"premium-blog-content-wrapper \">\n\n\t\t\t\t\t<div class=\"premium-blog-inner-container\">\n\n\t\t\t\t\t\t\t\t\t\t\t\t\t<div class=\"premium-blog-cats-container\">\n\t\t\t\t\t\t\t\t<ul class=\"post-categories\">\n\t\t\t\t\t\t\t\t\t<li><a href=\"https:\/\/latamobility.com\/pt-br\/encuentros-movilidad-sostenible-pt-br\/\" class=\"elementor-repeater-item-a3db1ba\">Encuentros<\/a><\/li>\t\t\t\t\t\t\t\t<\/ul>\n\t\t\t\t\t\t\t<\/div>\n\t\t\t\t\t\t\t\t\t\t\t\t\t\t<h2 class=\"premium-blog-entry-title\">\n\t\t\t<a href=\"https:\/\/latamobility.com\/pt-br\/escala-verticalizacao-e-velocidade-as-chaves-da-ascensao-automotiva-chinesa-segundo-a-bright-consulting\/\" target=\"_self\">\n\t\t\t\tEscala, verticaliza\u00e7\u00e3o e velocidade: as chaves da ascens\u00e3o automotiva chinesa, segundo a Bright Consulting\t\t\t<\/a>\n\t\t<\/h2>\n\t\t\t\t<div class=\"premium-blog-entry-meta\">\n\t\t\t\t\t\t\t<div class=\"premium-blog-post-author premium-blog-meta-data\">\n\t\t\t\t\t<i class=\"fa fa-user fa-fw\" aria-hidden=\"true\"><\/i>\n\t\t\t\t\t<a href=\"https:\/\/latamobility.com\/pt-br\/author\/antoniovilela\/\" title=\"Posts de Antonio Vilela\" rel=\"author\">Antonio Vilela<\/a>\t\t\t\t<\/div>\n\t\t\t\n\t\t\t\t\t\t\t<span class=\"premium-blog-meta-separator\">\u2022<\/span>\n\t\t\t\t<div class=\"premium-blog-post-time premium-blog-meta-data\">\n\t\t\t\t\t<i class=\"fa fa-calendar-alt\" aria-hidden=\"true\"><\/i>\n\t\t\t\t\t<span>28 de abril de 2026<\/span>\n\t\t\t\t<\/div>\n\t\t\t\n\t\t\t\n\t\t\t\t\t<\/div>\n\t\t\n\t\t\t\t\t<\/div>\n\n\t\t\t\t\t\t\t\t\t\t\n\t\t\t\t<\/div>\n\t\t\t<\/div>\n\t\t<\/div>\n\n\t\t\t\t<div class=\"premium-blog-post-outer-container encuentros-movilidad-sostenible-pt-br\" data-total=\"34\">\n\t\t\t<div class=\"premium-blog-post-container premium-blog-skin-side\">\n\t\t\t\t\t\t\t\t\t<div class=\"premium-blog-thumb-effect-wrapper\">\n\t\t\t\t\t\t<div class=\"premium-blog-thumbnail-container premium-blog-zoomin-effect\">\n\t\t\t\t\t\t\t<img loading=\"lazy\" decoding=\"async\" width=\"2048\" height=\"1365\" src=\"https:\/\/latamobility.com\/wp-content\/uploads\/2026\/04\/Panel-6-d.jpg\" class=\"attachment-full size-full wp-image-64496\" alt=\"Brasil\" srcset=\"https:\/\/latamobility.com\/wp-content\/uploads\/2026\/04\/Panel-6-d.jpg 2048w, https:\/\/latamobility.com\/wp-content\/uploads\/2026\/04\/Panel-6-d-300x200.jpg 300w, https:\/\/latamobility.com\/wp-content\/uploads\/2026\/04\/Panel-6-d-1024x683.jpg 1024w, https:\/\/latamobility.com\/wp-content\/uploads\/2026\/04\/Panel-6-d-768x512.jpg 768w, https:\/\/latamobility.com\/wp-content\/uploads\/2026\/04\/Panel-6-d-1536x1024.jpg 1536w, https:\/\/latamobility.com\/wp-content\/uploads\/2026\/04\/Panel-6-d-600x400.jpg 600w\" sizes=\"(max-width: 2048px) 100vw, 2048px\" \/>\t\t\t\t\t\t<\/div>\n\t\t\t\t\t\t\t\t\t\t\t\t\t<div class=\"premium-blog-thumbnail-overlay\">\n\t\t\t\t\t\t\t\t<a class=\"elementor-icon\" href=\"https:\/\/latamobility.com\/pt-br\/99-app-abravei-ituranmob-riba-e-urucuia-analisam-como-as-plataformas-de-ride-hailing-e-delivery-estao-redesenhando-a-logistica-urbana-no-brasil\/\" target=\"_self\"><\/a>\n\t\t\t\t\t\t\t<\/div>\n\n\t\t\t\t\t\t\t\t\t\t\t\t\t\t\t\t\t\t<\/div>\n\t\t\t\t\t\t\t\t\t\t\t\t<div class=\"premium-blog-content-wrapper \">\n\n\t\t\t\t\t<div class=\"premium-blog-inner-container\">\n\n\t\t\t\t\t\t\t\t\t\t\t\t\t<div class=\"premium-blog-cats-container\">\n\t\t\t\t\t\t\t\t<ul class=\"post-categories\">\n\t\t\t\t\t\t\t\t\t<li><a href=\"https:\/\/latamobility.com\/pt-br\/encuentros-movilidad-sostenible-pt-br\/\" class=\"elementor-repeater-item-a3db1ba\">Encuentros<\/a><\/li>\t\t\t\t\t\t\t\t<\/ul>\n\t\t\t\t\t\t\t<\/div>\n\t\t\t\t\t\t\t\t\t\t\t\t\t\t<h2 class=\"premium-blog-entry-title\">\n\t\t\t<a href=\"https:\/\/latamobility.com\/pt-br\/99-app-abravei-ituranmob-riba-e-urucuia-analisam-como-as-plataformas-de-ride-hailing-e-delivery-estao-redesenhando-a-logistica-urbana-no-brasil\/\" target=\"_self\">\n\t\t\t\t99 app, ABRAVEi, IturanMob, Riba e Urucuia analisam como as plataformas de ride-hailing e delivery est\u00e3o redesenhando a log\u00edstica urbana no Brasil\t\t\t<\/a>\n\t\t<\/h2>\n\t\t\t\t<div class=\"premium-blog-entry-meta\">\n\t\t\t\t\t\t\t<div class=\"premium-blog-post-author premium-blog-meta-data\">\n\t\t\t\t\t<i class=\"fa fa-user fa-fw\" aria-hidden=\"true\"><\/i>\n\t\t\t\t\t<a href=\"https:\/\/latamobility.com\/pt-br\/author\/antoniovilela\/\" title=\"Posts de Antonio Vilela\" rel=\"author\">Antonio Vilela<\/a>\t\t\t\t<\/div>\n\t\t\t\n\t\t\t\t\t\t\t<span class=\"premium-blog-meta-separator\">\u2022<\/span>\n\t\t\t\t<div class=\"premium-blog-post-time premium-blog-meta-data\">\n\t\t\t\t\t<i class=\"fa fa-calendar-alt\" aria-hidden=\"true\"><\/i>\n\t\t\t\t\t<span>28 de abril de 2026<\/span>\n\t\t\t\t<\/div>\n\t\t\t\n\t\t\t\n\t\t\t\t\t<\/div>\n\t\t\n\t\t\t\t\t<\/div>\n\n\t\t\t\t\t\t\t\t\t\t\n\t\t\t\t<\/div>\n\t\t\t<\/div>\n\t\t<\/div>\n\n\t\t\t\t<div class=\"premium-blog-post-outer-container encuentros-movilidad-sostenible-pt-br\" data-total=\"34\">\n\t\t\t<div class=\"premium-blog-post-container premium-blog-skin-side\">\n\t\t\t\t\t\t\t\t\t<div class=\"premium-blog-thumb-effect-wrapper\">\n\t\t\t\t\t\t<div class=\"premium-blog-thumbnail-container premium-blog-zoomin-effect\">\n\t\t\t\t\t\t\t<img loading=\"lazy\" decoding=\"async\" width=\"2048\" height=\"1365\" src=\"https:\/\/latamobility.com\/wp-content\/uploads\/2026\/04\/C40-d.jpg\" class=\"attachment-full size-full wp-image-64421\" alt=\"C40\" srcset=\"https:\/\/latamobility.com\/wp-content\/uploads\/2026\/04\/C40-d.jpg 2048w, https:\/\/latamobility.com\/wp-content\/uploads\/2026\/04\/C40-d-300x200.jpg 300w, https:\/\/latamobility.com\/wp-content\/uploads\/2026\/04\/C40-d-1024x683.jpg 1024w, https:\/\/latamobility.com\/wp-content\/uploads\/2026\/04\/C40-d-768x512.jpg 768w, https:\/\/latamobility.com\/wp-content\/uploads\/2026\/04\/C40-d-1536x1024.jpg 1536w, https:\/\/latamobility.com\/wp-content\/uploads\/2026\/04\/C40-d-600x400.jpg 600w\" sizes=\"(max-width: 2048px) 100vw, 2048px\" \/>\t\t\t\t\t\t<\/div>\n\t\t\t\t\t\t\t\t\t\t\t\t\t<div class=\"premium-blog-thumbnail-overlay\">\n\t\t\t\t\t\t\t\t<a class=\"elementor-icon\" href=\"https:\/\/latamobility.com\/pt-br\/c40-e-gcom-impulsionam-a-coordenacao-multinivel-para-estruturar-projetos-de-eletromobilidade-no-brasil\/\" target=\"_self\"><\/a>\n\t\t\t\t\t\t\t<\/div>\n\n\t\t\t\t\t\t\t\t\t\t\t\t\t\t\t\t\t\t<\/div>\n\t\t\t\t\t\t\t\t\t\t\t\t<div class=\"premium-blog-content-wrapper \">\n\n\t\t\t\t\t<div class=\"premium-blog-inner-container\">\n\n\t\t\t\t\t\t\t\t\t\t\t\t\t<div class=\"premium-blog-cats-container\">\n\t\t\t\t\t\t\t\t<ul class=\"post-categories\">\n\t\t\t\t\t\t\t\t\t<li><a href=\"https:\/\/latamobility.com\/pt-br\/encuentros-movilidad-sostenible-pt-br\/\" class=\"elementor-repeater-item-a3db1ba\">Encuentros<\/a><\/li>\t\t\t\t\t\t\t\t<\/ul>\n\t\t\t\t\t\t\t<\/div>\n\t\t\t\t\t\t\t\t\t\t\t\t\t\t<h2 class=\"premium-blog-entry-title\">\n\t\t\t<a href=\"https:\/\/latamobility.com\/pt-br\/c40-e-gcom-impulsionam-a-coordenacao-multinivel-para-estruturar-projetos-de-eletromobilidade-no-brasil\/\" target=\"_self\">\n\t\t\t\tC40 e GCoM impulsionam a coordena\u00e7\u00e3o multin\u00edvel para estruturar projetos de eletromobilidade no Brasil\t\t\t<\/a>\n\t\t<\/h2>\n\t\t\t\t<div class=\"premium-blog-entry-meta\">\n\t\t\t\t\t\t\t<div class=\"premium-blog-post-author premium-blog-meta-data\">\n\t\t\t\t\t<i class=\"fa fa-user fa-fw\" aria-hidden=\"true\"><\/i>\n\t\t\t\t\t<a href=\"https:\/\/latamobility.com\/pt-br\/author\/antoniovilela\/\" title=\"Posts de Antonio Vilela\" rel=\"author\">Antonio Vilela<\/a>\t\t\t\t<\/div>\n\t\t\t\n\t\t\t\t\t\t\t<span class=\"premium-blog-meta-separator\">\u2022<\/span>\n\t\t\t\t<div class=\"premium-blog-post-time premium-blog-meta-data\">\n\t\t\t\t\t<i class=\"fa fa-calendar-alt\" aria-hidden=\"true\"><\/i>\n\t\t\t\t\t<span>27 de abril de 2026<\/span>\n\t\t\t\t<\/div>\n\t\t\t\n\t\t\t\n\t\t\t\t\t<\/div>\n\t\t\n\t\t\t\t\t<\/div>\n\n\t\t\t\t\t\t\t\t\t\t\n\t\t\t\t<\/div>\n\t\t\t<\/div>\n\t\t<\/div>\n\n\t\t\t\t<div class=\"premium-blog-post-outer-container encuentros-movilidad-sostenible-pt-br\" data-total=\"34\">\n\t\t\t<div class=\"premium-blog-post-container premium-blog-skin-side\">\n\t\t\t\t\t\t\t\t\t<div class=\"premium-blog-thumb-effect-wrapper\">\n\t\t\t\t\t\t<div class=\"premium-blog-thumbnail-container premium-blog-zoomin-effect\">\n\t\t\t\t\t\t\t<img loading=\"lazy\" decoding=\"async\" width=\"2048\" height=\"1365\" src=\"https:\/\/latamobility.com\/wp-content\/uploads\/2026\/04\/Panel-5-b.jpg\" class=\"attachment-full size-full wp-image-64392\" alt=\"Brasil\" srcset=\"https:\/\/latamobility.com\/wp-content\/uploads\/2026\/04\/Panel-5-b.jpg 2048w, https:\/\/latamobility.com\/wp-content\/uploads\/2026\/04\/Panel-5-b-300x200.jpg 300w, https:\/\/latamobility.com\/wp-content\/uploads\/2026\/04\/Panel-5-b-1024x683.jpg 1024w, https:\/\/latamobility.com\/wp-content\/uploads\/2026\/04\/Panel-5-b-768x512.jpg 768w, https:\/\/latamobility.com\/wp-content\/uploads\/2026\/04\/Panel-5-b-1536x1024.jpg 1536w, https:\/\/latamobility.com\/wp-content\/uploads\/2026\/04\/Panel-5-b-600x400.jpg 600w\" sizes=\"(max-width: 2048px) 100vw, 2048px\" \/>\t\t\t\t\t\t<\/div>\n\t\t\t\t\t\t\t\t\t\t\t\t\t<div class=\"premium-blog-thumbnail-overlay\">\n\t\t\t\t\t\t\t\t<a class=\"elementor-icon\" href=\"https:\/\/latamobility.com\/pt-br\/brasil-salvador-e-belem-lideram-projetos-de-mobilidade-ativa-com-solucoes-baseadas-na-natureza\/\" target=\"_self\"><\/a>\n\t\t\t\t\t\t\t<\/div>\n\n\t\t\t\t\t\t\t\t\t\t\t\t\t\t\t\t\t\t<\/div>\n\t\t\t\t\t\t\t\t\t\t\t\t<div class=\"premium-blog-content-wrapper \">\n\n\t\t\t\t\t<div class=\"premium-blog-inner-container\">\n\n\t\t\t\t\t\t\t\t\t\t\t\t\t<div class=\"premium-blog-cats-container\">\n\t\t\t\t\t\t\t\t<ul class=\"post-categories\">\n\t\t\t\t\t\t\t\t\t<li><a href=\"https:\/\/latamobility.com\/pt-br\/encuentros-movilidad-sostenible-pt-br\/\" class=\"elementor-repeater-item-a3db1ba\">Encuentros<\/a><\/li>\t\t\t\t\t\t\t\t<\/ul>\n\t\t\t\t\t\t\t<\/div>\n\t\t\t\t\t\t\t\t\t\t\t\t\t\t<h2 class=\"premium-blog-entry-title\">\n\t\t\t<a href=\"https:\/\/latamobility.com\/pt-br\/brasil-salvador-e-belem-lideram-projetos-de-mobilidade-ativa-com-solucoes-baseadas-na-natureza\/\" target=\"_self\">\n\t\t\t\tBrasil: Salvador e Bel\u00e9m lideram projetos de mobilidade ativa com solu\u00e7\u00f5es baseadas na natureza\t\t\t<\/a>\n\t\t<\/h2>\n\t\t\t\t<div class=\"premium-blog-entry-meta\">\n\t\t\t\t\t\t\t<div class=\"premium-blog-post-author premium-blog-meta-data\">\n\t\t\t\t\t<i class=\"fa fa-user fa-fw\" aria-hidden=\"true\"><\/i>\n\t\t\t\t\t<a href=\"https:\/\/latamobility.com\/pt-br\/author\/antoniovilela\/\" title=\"Posts de Antonio Vilela\" rel=\"author\">Antonio Vilela<\/a>\t\t\t\t<\/div>\n\t\t\t\n\t\t\t\t\t\t\t<span class=\"premium-blog-meta-separator\">\u2022<\/span>\n\t\t\t\t<div class=\"premium-blog-post-time premium-blog-meta-data\">\n\t\t\t\t\t<i class=\"fa fa-calendar-alt\" aria-hidden=\"true\"><\/i>\n\t\t\t\t\t<span>27 de abril de 2026<\/span>\n\t\t\t\t<\/div>\n\t\t\t\n\t\t\t\n\t\t\t\t\t<\/div>\n\t\t\n\t\t\t\t\t<\/div>\n\n\t\t\t\t\t\t\t\t\t\t\n\t\t\t\t<\/div>\n\t\t\t<\/div>\n\t\t<\/div>\n\n\t\t\t\t<div class=\"premium-blog-post-outer-container encuentros-movilidad-sostenible-pt-br\" data-total=\"34\">\n\t\t\t<div class=\"premium-blog-post-container premium-blog-skin-side\">\n\t\t\t\t\t\t\t\t\t<div class=\"premium-blog-thumb-effect-wrapper\">\n\t\t\t\t\t\t<div class=\"premium-blog-thumbnail-container premium-blog-zoomin-effect\">\n\t\t\t\t\t\t\t<img loading=\"lazy\" decoding=\"async\" width=\"2048\" height=\"1365\" src=\"https:\/\/latamobility.com\/wp-content\/uploads\/2026\/04\/Enerlink-b.jpg\" class=\"attachment-full size-full wp-image-64368\" alt=\"Enerlink\" srcset=\"https:\/\/latamobility.com\/wp-content\/uploads\/2026\/04\/Enerlink-b.jpg 2048w, https:\/\/latamobility.com\/wp-content\/uploads\/2026\/04\/Enerlink-b-300x200.jpg 300w, https:\/\/latamobility.com\/wp-content\/uploads\/2026\/04\/Enerlink-b-1024x683.jpg 1024w, https:\/\/latamobility.com\/wp-content\/uploads\/2026\/04\/Enerlink-b-768x512.jpg 768w, https:\/\/latamobility.com\/wp-content\/uploads\/2026\/04\/Enerlink-b-1536x1024.jpg 1536w, https:\/\/latamobility.com\/wp-content\/uploads\/2026\/04\/Enerlink-b-600x400.jpg 600w\" sizes=\"(max-width: 2048px) 100vw, 2048px\" \/>\t\t\t\t\t\t<\/div>\n\t\t\t\t\t\t\t\t\t\t\t\t\t<div class=\"premium-blog-thumbnail-overlay\">\n\t\t\t\t\t\t\t\t<a class=\"elementor-icon\" href=\"https:\/\/latamobility.com\/pt-br\/enerlink-acelera-electromovilidad-brasil-software-recarga\/\" target=\"_self\"><\/a>\n\t\t\t\t\t\t\t<\/div>\n\n\t\t\t\t\t\t\t\t\t\t\t\t\t\t\t\t\t\t<\/div>\n\t\t\t\t\t\t\t\t\t\t\t\t<div class=\"premium-blog-content-wrapper \">\n\n\t\t\t\t\t<div class=\"premium-blog-inner-container\">\n\n\t\t\t\t\t\t\t\t\t\t\t\t\t<div class=\"premium-blog-cats-container\">\n\t\t\t\t\t\t\t\t<ul class=\"post-categories\">\n\t\t\t\t\t\t\t\t\t<li><a href=\"https:\/\/latamobility.com\/pt-br\/encuentros-movilidad-sostenible-pt-br\/\" class=\"elementor-repeater-item-a3db1ba\">Encuentros<\/a><\/li>\t\t\t\t\t\t\t\t<\/ul>\n\t\t\t\t\t\t\t<\/div>\n\t\t\t\t\t\t\t\t\t\t\t\t\t\t<h2 class=\"premium-blog-entry-title\">\n\t\t\t<a href=\"https:\/\/latamobility.com\/pt-br\/enerlink-acelera-electromovilidad-brasil-software-recarga\/\" target=\"_self\">\n\t\t\t\tEnerlink apresenta no Brasil sua plataforma EVX para unificar o carregamento de ve\u00edculos el\u00e9tricos e otimizar o uso da infraestrutura de recarga\t\t\t<\/a>\n\t\t<\/h2>\n\t\t\t\t<div class=\"premium-blog-entry-meta\">\n\t\t\t\t\t\t\t<div class=\"premium-blog-post-author premium-blog-meta-data\">\n\t\t\t\t\t<i class=\"fa fa-user fa-fw\" aria-hidden=\"true\"><\/i>\n\t\t\t\t\t<a href=\"https:\/\/latamobility.com\/pt-br\/author\/antoniovilela\/\" title=\"Posts de Antonio Vilela\" rel=\"author\">Antonio Vilela<\/a>\t\t\t\t<\/div>\n\t\t\t\n\t\t\t\t\t\t\t<span class=\"premium-blog-meta-separator\">\u2022<\/span>\n\t\t\t\t<div class=\"premium-blog-post-time premium-blog-meta-data\">\n\t\t\t\t\t<i class=\"fa fa-calendar-alt\" aria-hidden=\"true\"><\/i>\n\t\t\t\t\t<span>24 de abril de 2026<\/span>\n\t\t\t\t<\/div>\n\t\t\t\n\t\t\t\n\t\t\t\t\t<\/div>\n\t\t\n\t\t\t\t\t<\/div>\n\n\t\t\t\t\t\t\t\t\t\t\n\t\t\t\t<\/div>\n\t\t\t<\/div>\n\t\t<\/div>\n\n\t\t\t\t\t\t\t<\/div>\n\n\t\t\t\t\t<div class=\"premium-blog-footer\">\n\t\t\t\t\t\t\t<nav class=\"premium-blog-pagination-container\" role=\"navigation\" aria-label=\"Pagina\u00e7\u00e3o\">\n\t\t\t\t<span aria-current=\"page\" class=\"page-numbers current\">1<\/span>\n<a class=\"page-numbers\" href=\"https:\/\/latamobility.com\/pt-br\/wp-json\/wp\/v2\/pages\/55697\/page\/2\/\">2<\/a>\n<a class=\"page-numbers\" href=\"https:\/\/latamobility.com\/pt-br\/wp-json\/wp\/v2\/pages\/55697\/page\/3\/\">3<\/a>\n<span class=\"page-numbers dots\">&hellip;<\/span>\n<a class=\"page-numbers\" href=\"https:\/\/latamobility.com\/pt-br\/wp-json\/wp\/v2\/pages\/55697\/page\/5\/\">5<\/a>\n<a class=\"next page-numbers\" href=\"https:\/\/latamobility.com\/pt-br\/wp-json\/wp\/v2\/pages\/55697\/page\/2\/\">Siguiente \u00bb<\/a>\t\t\t<\/nav>\n\t\t\t\t\t\t<\/div>\n\t\t\n\t\t\n\t\t\t\t\t\t<\/div>\n\t\t\t\t<\/div>\n\t\t\t\t<div class=\"elementor-element elementor-element-c565e8a fondo-gris elementor-hidden-desktop elementor-hidden-tablet premium-blog-align-left elementor-widget elementor-widget-premium-addon-blog\" data-id=\"c565e8a\" data-element_type=\"widget\" data-e-type=\"widget\" data-settings=\"{&quot;filter_flag&quot;:&quot;cat&quot;,&quot;force_height&quot;:&quot;true&quot;,&quot;premium_blog_grid&quot;:&quot;yes&quot;,&quot;premium_blog_layout&quot;:&quot;even&quot;,&quot;premium_blog_columns_number&quot;:&quot;50%&quot;,&quot;premium_blog_columns_number_tablet&quot;:&quot;50%&quot;,&quot;premium_blog_columns_number_mobile&quot;:&quot;100%&quot;,&quot;scroll_to_offset&quot;:&quot;yes&quot;}\" data-widget_type=\"premium-addon-blog.default\">\n\t\t\t\t<div class=\"elementor-widget-container\">\n\t\t\t\t\t\n\t\t\t\t\t\t\t<div class=\"premium-blog-filter\">\n\t\t\t<ul class=\"premium-blog-filters-container\">\n\t\t\t\t\t\t\t\t\t<li>\n\t\t\t\t\t\t<a href=\"javascript:;\" class=\"category active\" data-filter=\"*\">\n\t\t\t\t\t\t\tTodas\t\t\t\t\t\t<\/a>\n\t\t\t\t\t<\/li>\n\t\t\t\t\t\t\t\t\t\t\t\t\t\t<li>\n\t\t\t\t\t\t\t<a href=\"javascript:;\" class=\"category\" data-filter=\"encuentros-movilidad-sostenible-pt-br\">\n\t\t\t\t\t\t\t\tEncuentros\t\t\t\t\t\t\t<\/a>\n\t\t\t\t\t\t<\/li>\n\t\t\t\t\t\t\t\t\t\t<li>\n\t\t\t\t\t\t\t<a href=\"javascript:;\" class=\"category\" data-filter=\"movilidad-electrica-pt-br\">\n\t\t\t\t\t\t\t\tMovilidad el\u00e9ctrica\t\t\t\t\t\t\t<\/a>\n\t\t\t\t\t\t<\/li>\n\t\t\t\t\t\t\t<\/ul>\n\t\t<\/div>\n\t\t\t\t\n\n\t\t\t\t<div class=\"premium-blog-wrap  premium-blog-even\" data-page=\"55697\" data-pagination=\"true\">\n\t\t\t\t\t\t\t\t\t<div class=\"premium-blog-post-outer-container encuentros-movilidad-sostenible-pt-br\" data-total=\"34\">\n\t\t\t<div class=\"premium-blog-post-container premium-blog-skin-modern\">\n\t\t\t\t\t\t\t\t\t<div class=\"premium-blog-thumb-effect-wrapper\">\n\t\t\t\t\t\t<div class=\"premium-blog-thumbnail-container premium-blog-zoomin-effect\">\n\t\t\t\t\t\t\t\t\t\t\t<a href=\"https:\/\/latamobility.com\/pt-br\/kpmg-brasil-alerta-o-grande-desafio-da-pegada-de-carbono-em-veiculos-sao-os-dados-primarios-dos-fornecedores\/\" target=\"_self\">\n\t\t\t\t<img fetchpriority=\"high\" decoding=\"async\" width=\"2048\" height=\"1365\" src=\"https:\/\/latamobility.com\/wp-content\/uploads\/2026\/04\/Keynote-1-D2-a.jpg\" class=\"attachment-full size-full wp-image-64593\" alt=\"KPMG\" srcset=\"https:\/\/latamobility.com\/wp-content\/uploads\/2026\/04\/Keynote-1-D2-a.jpg 2048w, https:\/\/latamobility.com\/wp-content\/uploads\/2026\/04\/Keynote-1-D2-a-300x200.jpg 300w, https:\/\/latamobility.com\/wp-content\/uploads\/2026\/04\/Keynote-1-D2-a-1024x683.jpg 1024w, https:\/\/latamobility.com\/wp-content\/uploads\/2026\/04\/Keynote-1-D2-a-768x512.jpg 768w, https:\/\/latamobility.com\/wp-content\/uploads\/2026\/04\/Keynote-1-D2-a-1536x1024.jpg 1536w, https:\/\/latamobility.com\/wp-content\/uploads\/2026\/04\/Keynote-1-D2-a-600x400.jpg 600w\" sizes=\"(max-width: 2048px) 100vw, 2048px\" \/>\t\t\t\t<\/a>\n\t\t\t\t\t\t\t\t\t\t<\/div>\n\t\t\t\t\t\t\t\t\t\t\t\t\t<div class=\"premium-blog-effect-container premium-blog-framed-effect\">\n\t\t\t\t\t\t\t\t<a class=\"premium-blog-post-link\" href=\"https:\/\/latamobility.com\/pt-br\/kpmg-brasil-alerta-o-grande-desafio-da-pegada-de-carbono-em-veiculos-sao-os-dados-primarios-dos-fornecedores\/\" target=\"_self\"><span>KPMG Brasil\u00a0alerta: o grande desafio da pegada de carbono em ve\u00edculos s\u00e3o\u00a0os dados prim\u00e1rios dos fornecedores<\/span><\/a>\n\t\t\t\t\t\t\t\t\t\t\t\t\t\t\t<\/div>\n\t\t\t\t\t\t\t\t\t\t\t<\/div>\n\t\t\t\t\t\t\t\t\t\t\t\t<div class=\"premium-blog-content-wrapper \">\n\n\t\t\t\t\t<div class=\"premium-blog-inner-container\">\n\n\t\t\t\t\t\t\t\t\t\t\t\t\t\t<h2 class=\"premium-blog-entry-title\">\n\t\t\t<a href=\"https:\/\/latamobility.com\/pt-br\/kpmg-brasil-alerta-o-grande-desafio-da-pegada-de-carbono-em-veiculos-sao-os-dados-primarios-dos-fornecedores\/\" target=\"_self\">\n\t\t\t\tKPMG Brasil\u00a0alerta: o grande desafio da pegada de carbono em ve\u00edculos s\u00e3o\u00a0os dados prim\u00e1rios dos fornecedores\t\t\t<\/a>\n\t\t<\/h2>\n\t\t\t\t<div class=\"premium-blog-entry-meta\">\n\t\t\t\t\t\t\t<div class=\"premium-blog-post-author premium-blog-meta-data\">\n\t\t\t\t\t<i class=\"fa fa-user fa-fw\" aria-hidden=\"true\"><\/i>\n\t\t\t\t\t<a href=\"https:\/\/latamobility.com\/pt-br\/author\/antoniovilela\/\" title=\"Posts de Antonio Vilela\" rel=\"author\">Antonio Vilela<\/a>\t\t\t\t<\/div>\n\t\t\t\n\t\t\t\t\t\t\t<span class=\"premium-blog-meta-separator\">\u2022<\/span>\n\t\t\t\t<div class=\"premium-blog-post-time premium-blog-meta-data\">\n\t\t\t\t\t<i class=\"fa fa-calendar-alt\" aria-hidden=\"true\"><\/i>\n\t\t\t\t\t<span>30 de abril de 2026<\/span>\n\t\t\t\t<\/div>\n\t\t\t\n\t\t\t\t\t\t\t<span class=\"premium-blog-meta-separator\">\u2022<\/span>\n\t\t\t\t<div class=\"premium-blog-post-categories premium-blog-meta-data\">\n\t\t\t\t\t<i class=\"fa fa-align-left fa-fw\" aria-hidden=\"true\"><\/i>\n\t\t\t\t\t<a href=\"https:\/\/latamobility.com\/pt-br\/encuentros-movilidad-sostenible-pt-br\/\" rel=\"category tag\">Encuentros<\/a>\t\t\t\t<\/div>\n\t\t\t\n\t\t\t\t\t<\/div>\n\t\t\n\t\t\t\t\t<\/div>\n\n\t\t\t\t\t\t\t\t\t\t\n\t\t\t\t<\/div>\n\t\t\t<\/div>\n\t\t<\/div>\n\n\t\t\t\t<div class=\"premium-blog-post-outer-container movilidad-electrica-pt-br\" data-total=\"34\">\n\t\t\t<div class=\"premium-blog-post-container premium-blog-skin-modern\">\n\t\t\t\t\t\t\t\t\t<div class=\"premium-blog-thumb-effect-wrapper\">\n\t\t\t\t\t\t<div class=\"premium-blog-thumbnail-container premium-blog-zoomin-effect\">\n\t\t\t\t\t\t\t\t\t\t\t<a href=\"https:\/\/latamobility.com\/pt-br\/mexico-acelera-sua-transicao-para-a-eletromobilidade-com-numeros-recordes-e-aposta-firme-no-transporte-publico-zero-emissoes\/\" target=\"_self\">\n\t\t\t\t<img decoding=\"async\" width=\"1536\" height=\"1024\" src=\"https:\/\/latamobility.com\/wp-content\/uploads\/2026\/04\/Mexico-280426-h.png\" class=\"attachment-full size-full wp-image-64748\" alt=\"M\u00e9xico\" srcset=\"https:\/\/latamobility.com\/wp-content\/uploads\/2026\/04\/Mexico-280426-h.png 1536w, https:\/\/latamobility.com\/wp-content\/uploads\/2026\/04\/Mexico-280426-h-300x200.png 300w, https:\/\/latamobility.com\/wp-content\/uploads\/2026\/04\/Mexico-280426-h-1024x683.png 1024w, https:\/\/latamobility.com\/wp-content\/uploads\/2026\/04\/Mexico-280426-h-768x512.png 768w, https:\/\/latamobility.com\/wp-content\/uploads\/2026\/04\/Mexico-280426-h-600x400.png 600w\" sizes=\"(max-width: 1536px) 100vw, 1536px\" \/>\t\t\t\t<\/a>\n\t\t\t\t\t\t\t\t\t\t<\/div>\n\t\t\t\t\t\t\t\t\t\t\t\t\t<div class=\"premium-blog-effect-container premium-blog-framed-effect\">\n\t\t\t\t\t\t\t\t<a class=\"premium-blog-post-link\" href=\"https:\/\/latamobility.com\/pt-br\/mexico-acelera-sua-transicao-para-a-eletromobilidade-com-numeros-recordes-e-aposta-firme-no-transporte-publico-zero-emissoes\/\" target=\"_self\"><span>M\u00e9xico acelera sua transi\u00e7\u00e3o para a eletromobilidade com n\u00fameros recordes e aposta firme no transporte p\u00fablico zero emiss\u00f5es<\/span><\/a>\n\t\t\t\t\t\t\t\t\t\t\t\t\t\t\t<\/div>\n\t\t\t\t\t\t\t\t\t\t\t<\/div>\n\t\t\t\t\t\t\t\t\t\t\t\t<div class=\"premium-blog-content-wrapper \">\n\n\t\t\t\t\t<div class=\"premium-blog-inner-container\">\n\n\t\t\t\t\t\t\t\t\t\t\t\t\t\t<h2 class=\"premium-blog-entry-title\">\n\t\t\t<a href=\"https:\/\/latamobility.com\/pt-br\/mexico-acelera-sua-transicao-para-a-eletromobilidade-com-numeros-recordes-e-aposta-firme-no-transporte-publico-zero-emissoes\/\" target=\"_self\">\n\t\t\t\tM\u00e9xico acelera sua transi\u00e7\u00e3o para a eletromobilidade com n\u00fameros recordes e aposta firme no transporte p\u00fablico zero emiss\u00f5es\t\t\t<\/a>\n\t\t<\/h2>\n\t\t\t\t<div class=\"premium-blog-entry-meta\">\n\t\t\t\t\t\t\t<div class=\"premium-blog-post-author premium-blog-meta-data\">\n\t\t\t\t\t<i class=\"fa fa-user fa-fw\" aria-hidden=\"true\"><\/i>\n\t\t\t\t\t<a href=\"https:\/\/latamobility.com\/pt-br\/author\/antoniovilela\/\" title=\"Posts de Antonio Vilela\" rel=\"author\">Antonio Vilela<\/a>\t\t\t\t<\/div>\n\t\t\t\n\t\t\t\t\t\t\t<span class=\"premium-blog-meta-separator\">\u2022<\/span>\n\t\t\t\t<div class=\"premium-blog-post-time premium-blog-meta-data\">\n\t\t\t\t\t<i class=\"fa fa-calendar-alt\" aria-hidden=\"true\"><\/i>\n\t\t\t\t\t<span>30 de abril de 2026<\/span>\n\t\t\t\t<\/div>\n\t\t\t\n\t\t\t\t\t\t\t<span class=\"premium-blog-meta-separator\">\u2022<\/span>\n\t\t\t\t<div class=\"premium-blog-post-categories premium-blog-meta-data\">\n\t\t\t\t\t<i class=\"fa fa-align-left fa-fw\" aria-hidden=\"true\"><\/i>\n\t\t\t\t\t<a href=\"https:\/\/latamobility.com\/pt-br\/movilidad-electrica-pt-br\/\" rel=\"category tag\">Movilidad el\u00e9ctrica<\/a>\t\t\t\t<\/div>\n\t\t\t\n\t\t\t\t\t<\/div>\n\t\t\n\t\t\t\t\t<\/div>\n\n\t\t\t\t\t\t\t\t\t\t\n\t\t\t\t<\/div>\n\t\t\t<\/div>\n\t\t<\/div>\n\n\t\t\t\t<div class=\"premium-blog-post-outer-container encuentros-movilidad-sostenible-pt-br\" data-total=\"34\">\n\t\t\t<div class=\"premium-blog-post-container premium-blog-skin-modern\">\n\t\t\t\t\t\t\t\t\t<div class=\"premium-blog-thumb-effect-wrapper\">\n\t\t\t\t\t\t<div class=\"premium-blog-thumbnail-container premium-blog-zoomin-effect\">\n\t\t\t\t\t\t\t\t\t\t\t<a href=\"https:\/\/latamobility.com\/pt-br\/electrificacion-transporte-publico-brasil-latam-mobility-2026\/\" target=\"_self\">\n\t\t\t\t<img decoding=\"async\" width=\"2048\" height=\"1365\" src=\"https:\/\/latamobility.com\/wp-content\/uploads\/2026\/04\/Panel-7-e.jpg\" class=\"attachment-full size-full wp-image-64575\" alt=\"\" srcset=\"https:\/\/latamobility.com\/wp-content\/uploads\/2026\/04\/Panel-7-e.jpg 2048w, https:\/\/latamobility.com\/wp-content\/uploads\/2026\/04\/Panel-7-e-300x200.jpg 300w, https:\/\/latamobility.com\/wp-content\/uploads\/2026\/04\/Panel-7-e-1024x683.jpg 1024w, https:\/\/latamobility.com\/wp-content\/uploads\/2026\/04\/Panel-7-e-768x512.jpg 768w, https:\/\/latamobility.com\/wp-content\/uploads\/2026\/04\/Panel-7-e-1536x1024.jpg 1536w, https:\/\/latamobility.com\/wp-content\/uploads\/2026\/04\/Panel-7-e-600x400.jpg 600w\" sizes=\"(max-width: 2048px) 100vw, 2048px\" \/>\t\t\t\t<\/a>\n\t\t\t\t\t\t\t\t\t\t<\/div>\n\t\t\t\t\t\t\t\t\t\t\t\t\t<div class=\"premium-blog-effect-container premium-blog-framed-effect\">\n\t\t\t\t\t\t\t\t<a class=\"premium-blog-post-link\" href=\"https:\/\/latamobility.com\/pt-br\/electrificacion-transporte-publico-brasil-latam-mobility-2026\/\" target=\"_self\"><span>Minist\u00e9rio das Cidades,\u00a0C40,\u00a0SPTrans,\u00a0Eletra Industrial,\u00a0MCTrans\u00a0e Porto Velho impulsionam a\u00a0coordena\u00e7\u00e3o multin\u00edvel\u00a0para a\u00a0eletrifica\u00e7\u00e3o em massa do transporte coletivo<\/span><\/a>\n\t\t\t\t\t\t\t\t\t\t\t\t\t\t\t<\/div>\n\t\t\t\t\t\t\t\t\t\t\t<\/div>\n\t\t\t\t\t\t\t\t\t\t\t\t<div class=\"premium-blog-content-wrapper \">\n\n\t\t\t\t\t<div class=\"premium-blog-inner-container\">\n\n\t\t\t\t\t\t\t\t\t\t\t\t\t\t<h2 class=\"premium-blog-entry-title\">\n\t\t\t<a href=\"https:\/\/latamobility.com\/pt-br\/electrificacion-transporte-publico-brasil-latam-mobility-2026\/\" target=\"_self\">\n\t\t\t\tMinist\u00e9rio das Cidades,\u00a0C40,\u00a0SPTrans,\u00a0Eletra Industrial,\u00a0MCTrans\u00a0e Porto Velho impulsionam a\u00a0coordena\u00e7\u00e3o multin\u00edvel\u00a0para a\u00a0eletrifica\u00e7\u00e3o em massa do transporte coletivo\t\t\t<\/a>\n\t\t<\/h2>\n\t\t\t\t<div class=\"premium-blog-entry-meta\">\n\t\t\t\t\t\t\t<div class=\"premium-blog-post-author premium-blog-meta-data\">\n\t\t\t\t\t<i class=\"fa fa-user fa-fw\" aria-hidden=\"true\"><\/i>\n\t\t\t\t\t<a href=\"https:\/\/latamobility.com\/pt-br\/author\/antoniovilela\/\" title=\"Posts de Antonio Vilela\" rel=\"author\">Antonio Vilela<\/a>\t\t\t\t<\/div>\n\t\t\t\n\t\t\t\t\t\t\t<span class=\"premium-blog-meta-separator\">\u2022<\/span>\n\t\t\t\t<div class=\"premium-blog-post-time premium-blog-meta-data\">\n\t\t\t\t\t<i class=\"fa fa-calendar-alt\" aria-hidden=\"true\"><\/i>\n\t\t\t\t\t<span>29 de abril de 2026<\/span>\n\t\t\t\t<\/div>\n\t\t\t\n\t\t\t\t\t\t\t<span class=\"premium-blog-meta-separator\">\u2022<\/span>\n\t\t\t\t<div class=\"premium-blog-post-categories premium-blog-meta-data\">\n\t\t\t\t\t<i class=\"fa fa-align-left fa-fw\" aria-hidden=\"true\"><\/i>\n\t\t\t\t\t<a href=\"https:\/\/latamobility.com\/pt-br\/encuentros-movilidad-sostenible-pt-br\/\" rel=\"category tag\">Encuentros<\/a>\t\t\t\t<\/div>\n\t\t\t\n\t\t\t\t\t<\/div>\n\t\t\n\t\t\t\t\t<\/div>\n\n\t\t\t\t\t\t\t\t\t\t\n\t\t\t\t<\/div>\n\t\t\t<\/div>\n\t\t<\/div>\n\n\t\t\t\t<div class=\"premium-blog-post-outer-container encuentros-movilidad-sostenible-pt-br\" data-total=\"34\">\n\t\t\t<div class=\"premium-blog-post-container premium-blog-skin-modern\">\n\t\t\t\t\t\t\t\t\t<div class=\"premium-blog-thumb-effect-wrapper\">\n\t\t\t\t\t\t<div class=\"premium-blog-thumbnail-container premium-blog-zoomin-effect\">\n\t\t\t\t\t\t\t\t\t\t\t<a href=\"https:\/\/latamobility.com\/pt-br\/abve-latam-mobility-brasil-2026-market-share-veiculos-eletrificados-2026\/\" target=\"_self\">\n\t\t\t\t<img loading=\"lazy\" decoding=\"async\" width=\"2048\" height=\"1365\" src=\"https:\/\/latamobility.com\/wp-content\/uploads\/2026\/04\/Keynote-ABVE-a.jpg\" class=\"attachment-full size-full wp-image-64681\" alt=\"ABVE\" srcset=\"https:\/\/latamobility.com\/wp-content\/uploads\/2026\/04\/Keynote-ABVE-a.jpg 2048w, https:\/\/latamobility.com\/wp-content\/uploads\/2026\/04\/Keynote-ABVE-a-300x200.jpg 300w, https:\/\/latamobility.com\/wp-content\/uploads\/2026\/04\/Keynote-ABVE-a-1024x683.jpg 1024w, https:\/\/latamobility.com\/wp-content\/uploads\/2026\/04\/Keynote-ABVE-a-768x512.jpg 768w, https:\/\/latamobility.com\/wp-content\/uploads\/2026\/04\/Keynote-ABVE-a-1536x1024.jpg 1536w, https:\/\/latamobility.com\/wp-content\/uploads\/2026\/04\/Keynote-ABVE-a-600x400.jpg 600w\" sizes=\"(max-width: 2048px) 100vw, 2048px\" \/>\t\t\t\t<\/a>\n\t\t\t\t\t\t\t\t\t\t<\/div>\n\t\t\t\t\t\t\t\t\t\t\t\t\t<div class=\"premium-blog-effect-container premium-blog-framed-effect\">\n\t\t\t\t\t\t\t\t<a class=\"premium-blog-post-link\" href=\"https:\/\/latamobility.com\/pt-br\/abve-latam-mobility-brasil-2026-market-share-veiculos-eletrificados-2026\/\" target=\"_self\"><span>ABVE revela no Latam Mobility Brasil 2026 que o pa\u00eds superou 16,8% de market share de ve\u00edculos eletrificados e projeta mais de 300 mil unidades em 2026<\/span><\/a>\n\t\t\t\t\t\t\t\t\t\t\t\t\t\t\t<\/div>\n\t\t\t\t\t\t\t\t\t\t\t<\/div>\n\t\t\t\t\t\t\t\t\t\t\t\t<div class=\"premium-blog-content-wrapper \">\n\n\t\t\t\t\t<div class=\"premium-blog-inner-container\">\n\n\t\t\t\t\t\t\t\t\t\t\t\t\t\t<h2 class=\"premium-blog-entry-title\">\n\t\t\t<a href=\"https:\/\/latamobility.com\/pt-br\/abve-latam-mobility-brasil-2026-market-share-veiculos-eletrificados-2026\/\" target=\"_self\">\n\t\t\t\tABVE revela no Latam Mobility Brasil 2026 que o pa\u00eds superou 16,8% de market share de ve\u00edculos eletrificados e projeta mais de 300 mil unidades em 2026\t\t\t<\/a>\n\t\t<\/h2>\n\t\t\t\t<div class=\"premium-blog-entry-meta\">\n\t\t\t\t\t\t\t<div class=\"premium-blog-post-author premium-blog-meta-data\">\n\t\t\t\t\t<i class=\"fa fa-user fa-fw\" aria-hidden=\"true\"><\/i>\n\t\t\t\t\t<a href=\"https:\/\/latamobility.com\/pt-br\/author\/antoniovilela\/\" title=\"Posts de Antonio Vilela\" rel=\"author\">Antonio Vilela<\/a>\t\t\t\t<\/div>\n\t\t\t\n\t\t\t\t\t\t\t<span class=\"premium-blog-meta-separator\">\u2022<\/span>\n\t\t\t\t<div class=\"premium-blog-post-time premium-blog-meta-data\">\n\t\t\t\t\t<i class=\"fa fa-calendar-alt\" aria-hidden=\"true\"><\/i>\n\t\t\t\t\t<span>29 de abril de 2026<\/span>\n\t\t\t\t<\/div>\n\t\t\t\n\t\t\t\t\t\t\t<span class=\"premium-blog-meta-separator\">\u2022<\/span>\n\t\t\t\t<div class=\"premium-blog-post-categories premium-blog-meta-data\">\n\t\t\t\t\t<i class=\"fa fa-align-left fa-fw\" aria-hidden=\"true\"><\/i>\n\t\t\t\t\t<a href=\"https:\/\/latamobility.com\/pt-br\/encuentros-movilidad-sostenible-pt-br\/\" rel=\"category tag\">Encuentros<\/a>\t\t\t\t<\/div>\n\t\t\t\n\t\t\t\t\t<\/div>\n\t\t\n\t\t\t\t\t<\/div>\n\n\t\t\t\t\t\t\t\t\t\t\n\t\t\t\t<\/div>\n\t\t\t<\/div>\n\t\t<\/div>\n\n\t\t\t\t<div class=\"premium-blog-post-outer-container encuentros-movilidad-sostenible-pt-br\" data-total=\"34\">\n\t\t\t<div class=\"premium-blog-post-container premium-blog-skin-modern\">\n\t\t\t\t\t\t\t\t\t<div class=\"premium-blog-thumb-effect-wrapper\">\n\t\t\t\t\t\t<div class=\"premium-blog-thumbnail-container premium-blog-zoomin-effect\">\n\t\t\t\t\t\t\t\t\t\t\t<a href=\"https:\/\/latamobility.com\/pt-br\/escala-verticalizacao-e-velocidade-as-chaves-da-ascensao-automotiva-chinesa-segundo-a-bright-consulting\/\" target=\"_self\">\n\t\t\t\t<img loading=\"lazy\" decoding=\"async\" width=\"2048\" height=\"1365\" src=\"https:\/\/latamobility.com\/wp-content\/uploads\/2026\/04\/Keynote-2-c.jpg\" class=\"attachment-full size-full wp-image-64301\" alt=\"Brasil\" srcset=\"https:\/\/latamobility.com\/wp-content\/uploads\/2026\/04\/Keynote-2-c.jpg 2048w, https:\/\/latamobility.com\/wp-content\/uploads\/2026\/04\/Keynote-2-c-300x200.jpg 300w, https:\/\/latamobility.com\/wp-content\/uploads\/2026\/04\/Keynote-2-c-1024x683.jpg 1024w, https:\/\/latamobility.com\/wp-content\/uploads\/2026\/04\/Keynote-2-c-768x512.jpg 768w, https:\/\/latamobility.com\/wp-content\/uploads\/2026\/04\/Keynote-2-c-1536x1024.jpg 1536w, https:\/\/latamobility.com\/wp-content\/uploads\/2026\/04\/Keynote-2-c-600x400.jpg 600w\" sizes=\"(max-width: 2048px) 100vw, 2048px\" \/>\t\t\t\t<\/a>\n\t\t\t\t\t\t\t\t\t\t<\/div>\n\t\t\t\t\t\t\t\t\t\t\t\t\t<div class=\"premium-blog-effect-container premium-blog-framed-effect\">\n\t\t\t\t\t\t\t\t<a class=\"premium-blog-post-link\" href=\"https:\/\/latamobility.com\/pt-br\/escala-verticalizacao-e-velocidade-as-chaves-da-ascensao-automotiva-chinesa-segundo-a-bright-consulting\/\" target=\"_self\"><span>Escala, verticaliza\u00e7\u00e3o e velocidade: as chaves da ascens\u00e3o automotiva chinesa, segundo a Bright Consulting<\/span><\/a>\n\t\t\t\t\t\t\t\t\t\t\t\t\t\t\t<\/div>\n\t\t\t\t\t\t\t\t\t\t\t<\/div>\n\t\t\t\t\t\t\t\t\t\t\t\t<div class=\"premium-blog-content-wrapper \">\n\n\t\t\t\t\t<div class=\"premium-blog-inner-container\">\n\n\t\t\t\t\t\t\t\t\t\t\t\t\t\t<h2 class=\"premium-blog-entry-title\">\n\t\t\t<a href=\"https:\/\/latamobility.com\/pt-br\/escala-verticalizacao-e-velocidade-as-chaves-da-ascensao-automotiva-chinesa-segundo-a-bright-consulting\/\" target=\"_self\">\n\t\t\t\tEscala, verticaliza\u00e7\u00e3o e velocidade: as chaves da ascens\u00e3o automotiva chinesa, segundo a Bright Consulting\t\t\t<\/a>\n\t\t<\/h2>\n\t\t\t\t<div class=\"premium-blog-entry-meta\">\n\t\t\t\t\t\t\t<div class=\"premium-blog-post-author premium-blog-meta-data\">\n\t\t\t\t\t<i class=\"fa fa-user fa-fw\" aria-hidden=\"true\"><\/i>\n\t\t\t\t\t<a href=\"https:\/\/latamobility.com\/pt-br\/author\/antoniovilela\/\" title=\"Posts de Antonio Vilela\" rel=\"author\">Antonio Vilela<\/a>\t\t\t\t<\/div>\n\t\t\t\n\t\t\t\t\t\t\t<span class=\"premium-blog-meta-separator\">\u2022<\/span>\n\t\t\t\t<div class=\"premium-blog-post-time premium-blog-meta-data\">\n\t\t\t\t\t<i class=\"fa fa-calendar-alt\" aria-hidden=\"true\"><\/i>\n\t\t\t\t\t<span>28 de abril de 2026<\/span>\n\t\t\t\t<\/div>\n\t\t\t\n\t\t\t\t\t\t\t<span class=\"premium-blog-meta-separator\">\u2022<\/span>\n\t\t\t\t<div class=\"premium-blog-post-categories premium-blog-meta-data\">\n\t\t\t\t\t<i class=\"fa fa-align-left fa-fw\" aria-hidden=\"true\"><\/i>\n\t\t\t\t\t<a href=\"https:\/\/latamobility.com\/pt-br\/encuentros-movilidad-sostenible-pt-br\/\" rel=\"category tag\">Encuentros<\/a>\t\t\t\t<\/div>\n\t\t\t\n\t\t\t\t\t<\/div>\n\t\t\n\t\t\t\t\t<\/div>\n\n\t\t\t\t\t\t\t\t\t\t\n\t\t\t\t<\/div>\n\t\t\t<\/div>\n\t\t<\/div>\n\n\t\t\t\t<div class=\"premium-blog-post-outer-container encuentros-movilidad-sostenible-pt-br\" data-total=\"34\">\n\t\t\t<div class=\"premium-blog-post-container premium-blog-skin-modern\">\n\t\t\t\t\t\t\t\t\t<div class=\"premium-blog-thumb-effect-wrapper\">\n\t\t\t\t\t\t<div class=\"premium-blog-thumbnail-container premium-blog-zoomin-effect\">\n\t\t\t\t\t\t\t\t\t\t\t<a href=\"https:\/\/latamobility.com\/pt-br\/99-app-abravei-ituranmob-riba-e-urucuia-analisam-como-as-plataformas-de-ride-hailing-e-delivery-estao-redesenhando-a-logistica-urbana-no-brasil\/\" target=\"_self\">\n\t\t\t\t<img loading=\"lazy\" decoding=\"async\" width=\"2048\" height=\"1365\" src=\"https:\/\/latamobility.com\/wp-content\/uploads\/2026\/04\/Panel-6-d.jpg\" class=\"attachment-full size-full wp-image-64496\" alt=\"Brasil\" srcset=\"https:\/\/latamobility.com\/wp-content\/uploads\/2026\/04\/Panel-6-d.jpg 2048w, https:\/\/latamobility.com\/wp-content\/uploads\/2026\/04\/Panel-6-d-300x200.jpg 300w, https:\/\/latamobility.com\/wp-content\/uploads\/2026\/04\/Panel-6-d-1024x683.jpg 1024w, https:\/\/latamobility.com\/wp-content\/uploads\/2026\/04\/Panel-6-d-768x512.jpg 768w, https:\/\/latamobility.com\/wp-content\/uploads\/2026\/04\/Panel-6-d-1536x1024.jpg 1536w, https:\/\/latamobility.com\/wp-content\/uploads\/2026\/04\/Panel-6-d-600x400.jpg 600w\" sizes=\"(max-width: 2048px) 100vw, 2048px\" \/>\t\t\t\t<\/a>\n\t\t\t\t\t\t\t\t\t\t<\/div>\n\t\t\t\t\t\t\t\t\t\t\t\t\t<div class=\"premium-blog-effect-container premium-blog-framed-effect\">\n\t\t\t\t\t\t\t\t<a class=\"premium-blog-post-link\" href=\"https:\/\/latamobility.com\/pt-br\/99-app-abravei-ituranmob-riba-e-urucuia-analisam-como-as-plataformas-de-ride-hailing-e-delivery-estao-redesenhando-a-logistica-urbana-no-brasil\/\" target=\"_self\"><span>99 app, ABRAVEi, IturanMob, Riba e Urucuia analisam como as plataformas de ride-hailing e delivery est\u00e3o redesenhando a log\u00edstica urbana no Brasil<\/span><\/a>\n\t\t\t\t\t\t\t\t\t\t\t\t\t\t\t<\/div>\n\t\t\t\t\t\t\t\t\t\t\t<\/div>\n\t\t\t\t\t\t\t\t\t\t\t\t<div class=\"premium-blog-content-wrapper \">\n\n\t\t\t\t\t<div class=\"premium-blog-inner-container\">\n\n\t\t\t\t\t\t\t\t\t\t\t\t\t\t<h2 class=\"premium-blog-entry-title\">\n\t\t\t<a href=\"https:\/\/latamobility.com\/pt-br\/99-app-abravei-ituranmob-riba-e-urucuia-analisam-como-as-plataformas-de-ride-hailing-e-delivery-estao-redesenhando-a-logistica-urbana-no-brasil\/\" target=\"_self\">\n\t\t\t\t99 app, ABRAVEi, IturanMob, Riba e Urucuia analisam como as plataformas de ride-hailing e delivery est\u00e3o redesenhando a log\u00edstica urbana no Brasil\t\t\t<\/a>\n\t\t<\/h2>\n\t\t\t\t<div class=\"premium-blog-entry-meta\">\n\t\t\t\t\t\t\t<div class=\"premium-blog-post-author premium-blog-meta-data\">\n\t\t\t\t\t<i class=\"fa fa-user fa-fw\" aria-hidden=\"true\"><\/i>\n\t\t\t\t\t<a href=\"https:\/\/latamobility.com\/pt-br\/author\/antoniovilela\/\" title=\"Posts de Antonio Vilela\" rel=\"author\">Antonio Vilela<\/a>\t\t\t\t<\/div>\n\t\t\t\n\t\t\t\t\t\t\t<span class=\"premium-blog-meta-separator\">\u2022<\/span>\n\t\t\t\t<div class=\"premium-blog-post-time premium-blog-meta-data\">\n\t\t\t\t\t<i class=\"fa fa-calendar-alt\" aria-hidden=\"true\"><\/i>\n\t\t\t\t\t<span>28 de abril de 2026<\/span>\n\t\t\t\t<\/div>\n\t\t\t\n\t\t\t\t\t\t\t<span class=\"premium-blog-meta-separator\">\u2022<\/span>\n\t\t\t\t<div class=\"premium-blog-post-categories premium-blog-meta-data\">\n\t\t\t\t\t<i class=\"fa fa-align-left fa-fw\" aria-hidden=\"true\"><\/i>\n\t\t\t\t\t<a href=\"https:\/\/latamobility.com\/pt-br\/encuentros-movilidad-sostenible-pt-br\/\" rel=\"category tag\">Encuentros<\/a>\t\t\t\t<\/div>\n\t\t\t\n\t\t\t\t\t<\/div>\n\t\t\n\t\t\t\t\t<\/div>\n\n\t\t\t\t\t\t\t\t\t\t\n\t\t\t\t<\/div>\n\t\t\t<\/div>\n\t\t<\/div>\n\n\t\t\t\t<div class=\"premium-blog-post-outer-container encuentros-movilidad-sostenible-pt-br\" data-total=\"34\">\n\t\t\t<div class=\"premium-blog-post-container premium-blog-skin-modern\">\n\t\t\t\t\t\t\t\t\t<div class=\"premium-blog-thumb-effect-wrapper\">\n\t\t\t\t\t\t<div class=\"premium-blog-thumbnail-container premium-blog-zoomin-effect\">\n\t\t\t\t\t\t\t\t\t\t\t<a href=\"https:\/\/latamobility.com\/pt-br\/c40-e-gcom-impulsionam-a-coordenacao-multinivel-para-estruturar-projetos-de-eletromobilidade-no-brasil\/\" target=\"_self\">\n\t\t\t\t<img loading=\"lazy\" decoding=\"async\" width=\"2048\" height=\"1365\" src=\"https:\/\/latamobility.com\/wp-content\/uploads\/2026\/04\/C40-d.jpg\" class=\"attachment-full size-full wp-image-64421\" alt=\"C40\" srcset=\"https:\/\/latamobility.com\/wp-content\/uploads\/2026\/04\/C40-d.jpg 2048w, https:\/\/latamobility.com\/wp-content\/uploads\/2026\/04\/C40-d-300x200.jpg 300w, https:\/\/latamobility.com\/wp-content\/uploads\/2026\/04\/C40-d-1024x683.jpg 1024w, https:\/\/latamobility.com\/wp-content\/uploads\/2026\/04\/C40-d-768x512.jpg 768w, https:\/\/latamobility.com\/wp-content\/uploads\/2026\/04\/C40-d-1536x1024.jpg 1536w, https:\/\/latamobility.com\/wp-content\/uploads\/2026\/04\/C40-d-600x400.jpg 600w\" sizes=\"(max-width: 2048px) 100vw, 2048px\" \/>\t\t\t\t<\/a>\n\t\t\t\t\t\t\t\t\t\t<\/div>\n\t\t\t\t\t\t\t\t\t\t\t\t\t<div class=\"premium-blog-effect-container premium-blog-framed-effect\">\n\t\t\t\t\t\t\t\t<a class=\"premium-blog-post-link\" href=\"https:\/\/latamobility.com\/pt-br\/c40-e-gcom-impulsionam-a-coordenacao-multinivel-para-estruturar-projetos-de-eletromobilidade-no-brasil\/\" target=\"_self\"><span>C40 e GCoM impulsionam a coordena\u00e7\u00e3o multin\u00edvel para estruturar projetos de eletromobilidade no Brasil<\/span><\/a>\n\t\t\t\t\t\t\t\t\t\t\t\t\t\t\t<\/div>\n\t\t\t\t\t\t\t\t\t\t\t<\/div>\n\t\t\t\t\t\t\t\t\t\t\t\t<div class=\"premium-blog-content-wrapper \">\n\n\t\t\t\t\t<div class=\"premium-blog-inner-container\">\n\n\t\t\t\t\t\t\t\t\t\t\t\t\t\t<h2 class=\"premium-blog-entry-title\">\n\t\t\t<a href=\"https:\/\/latamobility.com\/pt-br\/c40-e-gcom-impulsionam-a-coordenacao-multinivel-para-estruturar-projetos-de-eletromobilidade-no-brasil\/\" target=\"_self\">\n\t\t\t\tC40 e GCoM impulsionam a coordena\u00e7\u00e3o multin\u00edvel para estruturar projetos de eletromobilidade no Brasil\t\t\t<\/a>\n\t\t<\/h2>\n\t\t\t\t<div class=\"premium-blog-entry-meta\">\n\t\t\t\t\t\t\t<div class=\"premium-blog-post-author premium-blog-meta-data\">\n\t\t\t\t\t<i class=\"fa fa-user fa-fw\" aria-hidden=\"true\"><\/i>\n\t\t\t\t\t<a href=\"https:\/\/latamobility.com\/pt-br\/author\/antoniovilela\/\" title=\"Posts de Antonio Vilela\" rel=\"author\">Antonio Vilela<\/a>\t\t\t\t<\/div>\n\t\t\t\n\t\t\t\t\t\t\t<span class=\"premium-blog-meta-separator\">\u2022<\/span>\n\t\t\t\t<div class=\"premium-blog-post-time premium-blog-meta-data\">\n\t\t\t\t\t<i class=\"fa fa-calendar-alt\" aria-hidden=\"true\"><\/i>\n\t\t\t\t\t<span>27 de abril de 2026<\/span>\n\t\t\t\t<\/div>\n\t\t\t\n\t\t\t\t\t\t\t<span class=\"premium-blog-meta-separator\">\u2022<\/span>\n\t\t\t\t<div class=\"premium-blog-post-categories premium-blog-meta-data\">\n\t\t\t\t\t<i class=\"fa fa-align-left fa-fw\" aria-hidden=\"true\"><\/i>\n\t\t\t\t\t<a href=\"https:\/\/latamobility.com\/pt-br\/encuentros-movilidad-sostenible-pt-br\/\" rel=\"category tag\">Encuentros<\/a>\t\t\t\t<\/div>\n\t\t\t\n\t\t\t\t\t<\/div>\n\t\t\n\t\t\t\t\t<\/div>\n\n\t\t\t\t\t\t\t\t\t\t\n\t\t\t\t<\/div>\n\t\t\t<\/div>\n\t\t<\/div>\n\n\t\t\t\t<div class=\"premium-blog-post-outer-container encuentros-movilidad-sostenible-pt-br\" data-total=\"34\">\n\t\t\t<div class=\"premium-blog-post-container premium-blog-skin-modern\">\n\t\t\t\t\t\t\t\t\t<div class=\"premium-blog-thumb-effect-wrapper\">\n\t\t\t\t\t\t<div class=\"premium-blog-thumbnail-container premium-blog-zoomin-effect\">\n\t\t\t\t\t\t\t\t\t\t\t<a href=\"https:\/\/latamobility.com\/pt-br\/brasil-salvador-e-belem-lideram-projetos-de-mobilidade-ativa-com-solucoes-baseadas-na-natureza\/\" target=\"_self\">\n\t\t\t\t<img loading=\"lazy\" decoding=\"async\" width=\"2048\" height=\"1365\" src=\"https:\/\/latamobility.com\/wp-content\/uploads\/2026\/04\/Panel-5-b.jpg\" class=\"attachment-full size-full wp-image-64392\" alt=\"Brasil\" srcset=\"https:\/\/latamobility.com\/wp-content\/uploads\/2026\/04\/Panel-5-b.jpg 2048w, https:\/\/latamobility.com\/wp-content\/uploads\/2026\/04\/Panel-5-b-300x200.jpg 300w, https:\/\/latamobility.com\/wp-content\/uploads\/2026\/04\/Panel-5-b-1024x683.jpg 1024w, https:\/\/latamobility.com\/wp-content\/uploads\/2026\/04\/Panel-5-b-768x512.jpg 768w, https:\/\/latamobility.com\/wp-content\/uploads\/2026\/04\/Panel-5-b-1536x1024.jpg 1536w, https:\/\/latamobility.com\/wp-content\/uploads\/2026\/04\/Panel-5-b-600x400.jpg 600w\" sizes=\"(max-width: 2048px) 100vw, 2048px\" \/>\t\t\t\t<\/a>\n\t\t\t\t\t\t\t\t\t\t<\/div>\n\t\t\t\t\t\t\t\t\t\t\t\t\t<div class=\"premium-blog-effect-container premium-blog-framed-effect\">\n\t\t\t\t\t\t\t\t<a class=\"premium-blog-post-link\" href=\"https:\/\/latamobility.com\/pt-br\/brasil-salvador-e-belem-lideram-projetos-de-mobilidade-ativa-com-solucoes-baseadas-na-natureza\/\" target=\"_self\"><span>Brasil: Salvador e Bel\u00e9m lideram projetos de mobilidade ativa com solu\u00e7\u00f5es baseadas na natureza<\/span><\/a>\n\t\t\t\t\t\t\t\t\t\t\t\t\t\t\t<\/div>\n\t\t\t\t\t\t\t\t\t\t\t<\/div>\n\t\t\t\t\t\t\t\t\t\t\t\t<div class=\"premium-blog-content-wrapper \">\n\n\t\t\t\t\t<div class=\"premium-blog-inner-container\">\n\n\t\t\t\t\t\t\t\t\t\t\t\t\t\t<h2 class=\"premium-blog-entry-title\">\n\t\t\t<a href=\"https:\/\/latamobility.com\/pt-br\/brasil-salvador-e-belem-lideram-projetos-de-mobilidade-ativa-com-solucoes-baseadas-na-natureza\/\" target=\"_self\">\n\t\t\t\tBrasil: Salvador e Bel\u00e9m lideram projetos de mobilidade ativa com solu\u00e7\u00f5es baseadas na natureza\t\t\t<\/a>\n\t\t<\/h2>\n\t\t\t\t<div class=\"premium-blog-entry-meta\">\n\t\t\t\t\t\t\t<div class=\"premium-blog-post-author premium-blog-meta-data\">\n\t\t\t\t\t<i class=\"fa fa-user fa-fw\" aria-hidden=\"true\"><\/i>\n\t\t\t\t\t<a href=\"https:\/\/latamobility.com\/pt-br\/author\/antoniovilela\/\" title=\"Posts de Antonio Vilela\" rel=\"author\">Antonio Vilela<\/a>\t\t\t\t<\/div>\n\t\t\t\n\t\t\t\t\t\t\t<span class=\"premium-blog-meta-separator\">\u2022<\/span>\n\t\t\t\t<div class=\"premium-blog-post-time premium-blog-meta-data\">\n\t\t\t\t\t<i class=\"fa fa-calendar-alt\" aria-hidden=\"true\"><\/i>\n\t\t\t\t\t<span>27 de abril de 2026<\/span>\n\t\t\t\t<\/div>\n\t\t\t\n\t\t\t\t\t\t\t<span class=\"premium-blog-meta-separator\">\u2022<\/span>\n\t\t\t\t<div class=\"premium-blog-post-categories premium-blog-meta-data\">\n\t\t\t\t\t<i class=\"fa fa-align-left fa-fw\" aria-hidden=\"true\"><\/i>\n\t\t\t\t\t<a href=\"https:\/\/latamobility.com\/pt-br\/encuentros-movilidad-sostenible-pt-br\/\" rel=\"category tag\">Encuentros<\/a>\t\t\t\t<\/div>\n\t\t\t\n\t\t\t\t\t<\/div>\n\t\t\n\t\t\t\t\t<\/div>\n\n\t\t\t\t\t\t\t\t\t\t\n\t\t\t\t<\/div>\n\t\t\t<\/div>\n\t\t<\/div>\n\n\t\t\t\t<div class=\"premium-blog-post-outer-container encuentros-movilidad-sostenible-pt-br\" data-total=\"34\">\n\t\t\t<div class=\"premium-blog-post-container premium-blog-skin-modern\">\n\t\t\t\t\t\t\t\t\t<div class=\"premium-blog-thumb-effect-wrapper\">\n\t\t\t\t\t\t<div class=\"premium-blog-thumbnail-container premium-blog-zoomin-effect\">\n\t\t\t\t\t\t\t\t\t\t\t<a href=\"https:\/\/latamobility.com\/pt-br\/enerlink-acelera-electromovilidad-brasil-software-recarga\/\" target=\"_self\">\n\t\t\t\t<img loading=\"lazy\" decoding=\"async\" width=\"2048\" height=\"1365\" src=\"https:\/\/latamobility.com\/wp-content\/uploads\/2026\/04\/Enerlink-b.jpg\" class=\"attachment-full size-full wp-image-64368\" alt=\"Enerlink\" srcset=\"https:\/\/latamobility.com\/wp-content\/uploads\/2026\/04\/Enerlink-b.jpg 2048w, https:\/\/latamobility.com\/wp-content\/uploads\/2026\/04\/Enerlink-b-300x200.jpg 300w, https:\/\/latamobility.com\/wp-content\/uploads\/2026\/04\/Enerlink-b-1024x683.jpg 1024w, https:\/\/latamobility.com\/wp-content\/uploads\/2026\/04\/Enerlink-b-768x512.jpg 768w, https:\/\/latamobility.com\/wp-content\/uploads\/2026\/04\/Enerlink-b-1536x1024.jpg 1536w, https:\/\/latamobility.com\/wp-content\/uploads\/2026\/04\/Enerlink-b-600x400.jpg 600w\" sizes=\"(max-width: 2048px) 100vw, 2048px\" \/>\t\t\t\t<\/a>\n\t\t\t\t\t\t\t\t\t\t<\/div>\n\t\t\t\t\t\t\t\t\t\t\t\t\t<div class=\"premium-blog-effect-container premium-blog-framed-effect\">\n\t\t\t\t\t\t\t\t<a class=\"premium-blog-post-link\" href=\"https:\/\/latamobility.com\/pt-br\/enerlink-acelera-electromovilidad-brasil-software-recarga\/\" target=\"_self\"><span>Enerlink apresenta no Brasil sua plataforma EVX para unificar o carregamento de ve\u00edculos el\u00e9tricos e otimizar o uso da infraestrutura de recarga<\/span><\/a>\n\t\t\t\t\t\t\t\t\t\t\t\t\t\t\t<\/div>\n\t\t\t\t\t\t\t\t\t\t\t<\/div>\n\t\t\t\t\t\t\t\t\t\t\t\t<div class=\"premium-blog-content-wrapper \">\n\n\t\t\t\t\t<div class=\"premium-blog-inner-container\">\n\n\t\t\t\t\t\t\t\t\t\t\t\t\t\t<h2 class=\"premium-blog-entry-title\">\n\t\t\t<a href=\"https:\/\/latamobility.com\/pt-br\/enerlink-acelera-electromovilidad-brasil-software-recarga\/\" target=\"_self\">\n\t\t\t\tEnerlink apresenta no Brasil sua plataforma EVX para unificar o carregamento de ve\u00edculos el\u00e9tricos e otimizar o uso da infraestrutura de recarga\t\t\t<\/a>\n\t\t<\/h2>\n\t\t\t\t<div class=\"premium-blog-entry-meta\">\n\t\t\t\t\t\t\t<div class=\"premium-blog-post-author premium-blog-meta-data\">\n\t\t\t\t\t<i class=\"fa fa-user fa-fw\" aria-hidden=\"true\"><\/i>\n\t\t\t\t\t<a href=\"https:\/\/latamobility.com\/pt-br\/author\/antoniovilela\/\" title=\"Posts de Antonio Vilela\" rel=\"author\">Antonio Vilela<\/a>\t\t\t\t<\/div>\n\t\t\t\n\t\t\t\t\t\t\t<span class=\"premium-blog-meta-separator\">\u2022<\/span>\n\t\t\t\t<div class=\"premium-blog-post-time premium-blog-meta-data\">\n\t\t\t\t\t<i class=\"fa fa-calendar-alt\" aria-hidden=\"true\"><\/i>\n\t\t\t\t\t<span>24 de abril de 2026<\/span>\n\t\t\t\t<\/div>\n\t\t\t\n\t\t\t\t\t\t\t<span class=\"premium-blog-meta-separator\">\u2022<\/span>\n\t\t\t\t<div class=\"premium-blog-post-categories premium-blog-meta-data\">\n\t\t\t\t\t<i class=\"fa fa-align-left fa-fw\" aria-hidden=\"true\"><\/i>\n\t\t\t\t\t<a href=\"https:\/\/latamobility.com\/pt-br\/encuentros-movilidad-sostenible-pt-br\/\" rel=\"category tag\">Encuentros<\/a>\t\t\t\t<\/div>\n\t\t\t\n\t\t\t\t\t<\/div>\n\t\t\n\t\t\t\t\t<\/div>\n\n\t\t\t\t\t\t\t\t\t\t\n\t\t\t\t<\/div>\n\t\t\t<\/div>\n\t\t<\/div>\n\n\t\t\t\t\t\t\t<\/div>\n\n\t\t\t\t\t<div class=\"premium-blog-footer\">\n\t\t\t\t\t\t\t<nav class=\"premium-blog-pagination-container\" role=\"navigation\" aria-label=\"Pagina\u00e7\u00e3o\">\n\t\t\t\t<span aria-current=\"page\" class=\"page-numbers current\">1<\/span>\n<a class=\"page-numbers\" href=\"https:\/\/latamobility.com\/pt-br\/wp-json\/wp\/v2\/pages\/55697\/page\/2\/\">2<\/a>\n<a class=\"page-numbers\" href=\"https:\/\/latamobility.com\/pt-br\/wp-json\/wp\/v2\/pages\/55697\/page\/3\/\">3<\/a>\n<span class=\"page-numbers dots\">&hellip;<\/span>\n<a class=\"page-numbers\" href=\"https:\/\/latamobility.com\/pt-br\/wp-json\/wp\/v2\/pages\/55697\/page\/5\/\">5<\/a>\n<a class=\"next page-numbers\" href=\"https:\/\/latamobility.com\/pt-br\/wp-json\/wp\/v2\/pages\/55697\/page\/2\/\">Siguiente \u00bb<\/a>\t\t\t<\/nav>\n\t\t\t\t\t\t<\/div>\n\t\t\n\t\t\n\t\t\t\t\t\t<\/div>\n\t\t\t\t<\/div>\n\t\t\t\t\t<\/div>\n\t\t\t\t<\/div>\n\t\t<div class=\"elementor-element elementor-element-56fb7126 e-flex e-con-boxed e-con e-parent\" data-id=\"56fb7126\" data-element_type=\"container\" data-e-type=\"container\" data-settings=\"{&quot;background_background&quot;:&quot;classic&quot;}\">\n\t\t\t\t\t<div class=\"e-con-inner\">\n\t\t<div class=\"elementor-element elementor-element-19bc1773 e-con-full e-flex e-con e-child\" data-id=\"19bc1773\" data-element_type=\"container\" data-e-type=\"container\" data-settings=\"{&quot;background_background&quot;:&quot;classic&quot;}\">\n\t\t\t\t<div class=\"elementor-element elementor-element-5ca8fdc3 elementor-widget elementor-widget-heading\" data-id=\"5ca8fdc3\" data-element_type=\"widget\" data-e-type=\"widget\" data-widget_type=\"heading.default\">\n\t\t\t\t<div class=\"elementor-widget-container\">\n\t\t\t\t\t<h2 class=\"elementor-heading-title elementor-size-default\">Participe de nossas c\u00fapulas<\/h2>\t\t\t\t<\/div>\n\t\t\t\t<\/div>\n\t\t\t\t<div class=\"elementor-element elementor-element-5267f017 elementor-widget elementor-widget-heading\" data-id=\"5267f017\" data-element_type=\"widget\" data-e-type=\"widget\" data-widget_type=\"heading.default\">\n\t\t\t\t<div class=\"elementor-widget-container\">\n\t\t\t\t\t<h2 class=\"elementor-heading-title elementor-size-default\">Como voc\u00ea deseja se conectar?<\/h2>\t\t\t\t<\/div>\n\t\t\t\t<\/div>\n\t\t<div class=\"elementor-element elementor-element-24c79831 e-con-full e-flex e-con e-child\" data-id=\"24c79831\" data-element_type=\"container\" data-e-type=\"container\">\n\t\t\t\t<div class=\"elementor-element elementor-element-17dc82bb elementor-widget elementor-widget-button\" data-id=\"17dc82bb\" data-element_type=\"widget\" data-e-type=\"widget\" data-widget_type=\"button.default\">\n\t\t\t\t<div class=\"elementor-widget-container\">\n\t\t\t\t\t\t\t\t\t<div class=\"elementor-button-wrapper\">\n\t\t\t\t\t<a class=\"elementor-button elementor-button-link elementor-size-sm\" href=\"https:\/\/cal.com\/invest-in-latam-2ejjyj\/30min?month=2025-12\">\n\t\t\t\t\t\t<span class=\"elementor-button-content-wrapper\">\n\t\t\t\t\t\t\t\t\t<span class=\"elementor-button-text\">Patrocinador<\/span>\n\t\t\t\t\t<\/span>\n\t\t\t\t\t<\/a>\n\t\t\t\t<\/div>\n\t\t\t\t\t\t\t\t<\/div>\n\t\t\t\t<\/div>\n\t\t\t\t<div class=\"elementor-element elementor-element-54a8f13c elementor-widget elementor-widget-button\" data-id=\"54a8f13c\" data-element_type=\"widget\" data-e-type=\"widget\" data-widget_type=\"button.default\">\n\t\t\t\t<div class=\"elementor-widget-container\">\n\t\t\t\t\t\t\t\t\t<div class=\"elementor-button-wrapper\">\n\t\t\t\t\t<a class=\"elementor-button elementor-button-link elementor-size-sm\" href=\"#\">\n\t\t\t\t\t\t<span class=\"elementor-button-content-wrapper\">\n\t\t\t\t\t\t\t\t\t<span class=\"elementor-button-text\">Aliado<\/span>\n\t\t\t\t\t<\/span>\n\t\t\t\t\t<\/a>\n\t\t\t\t<\/div>\n\t\t\t\t\t\t\t\t<\/div>\n\t\t\t\t<\/div>\n\t\t\t\t<div class=\"elementor-element elementor-element-1628f9e0 elementor-widget elementor-widget-button\" data-id=\"1628f9e0\" data-element_type=\"widget\" data-e-type=\"widget\" data-widget_type=\"button.default\">\n\t\t\t\t<div class=\"elementor-widget-container\">\n\t\t\t\t\t\t\t\t\t<div class=\"elementor-button-wrapper\">\n\t\t\t\t\t<a class=\"elementor-button elementor-button-link elementor-size-sm\" href=\"https:\/\/latamobility.com\/summit\/\">\n\t\t\t\t\t\t<span class=\"elementor-button-content-wrapper\">\n\t\t\t\t\t\t\t\t\t<span class=\"elementor-button-text\">assistente<\/span>\n\t\t\t\t\t<\/span>\n\t\t\t\t\t<\/a>\n\t\t\t\t<\/div>\n\t\t\t\t\t\t\t\t<\/div>\n\t\t\t\t<\/div>\n\t\t\t\t<\/div>\n\t\t\t\t<\/div>\n\t\t\t\t\t<\/div>\n\t\t\t\t<\/div>\n\t\t\t\t<\/div>\n\t\t","protected":false},"excerpt":{"rendered":"<p>dezembro 10, 2025 TENDENCIA M\u00e9xico | Nearshoring em 2025: entre a desacelera\u00e7\u00e3o, os riscos comerciais e o ajuste das expectativas dezembro 10, 2025 A Evergo amplia sua rede de recarga na Am\u00e9rica Latina e no Caribe dezembro 9, 2025 Porsche apresenta o 911 GT3 \u201cOcelot\u201d: uma homenagem \u00e0 biodiversidade latino-americana dezembro 8, 2025 Toyota apresenta&#8230;<\/p>\n","protected":false},"author":24,"featured_media":0,"parent":0,"menu_order":0,"comment_status":"closed","ping_status":"closed","template":"","meta":{"_kad_post_transparent":"","_kad_post_title":"hide","_kad_post_layout":"fullwidth","_kad_post_sidebar_id":"","_kad_post_content_style":"unboxed","_kad_post_vertical_padding":"hide","_kad_post_feature":"hide","_kad_post_feature_position":"","_kad_post_header":false,"_kad_post_footer":false,"_kad_post_classname":"","footnotes":""},"class_list":["post-55697","page","type-page","status-publish","hentry"],"yoast_head":"<!-- This site is optimized with the Yoast SEO Premium plugin v22.7 (Yoast SEO v27.4) - https:\/\/yoast.com\/product\/yoast-seo-premium-wordpress\/ -->\n<title>Newsroom br - Latam Mobility<\/title>\n<meta name=\"robots\" content=\"index, follow, max-snippet:-1, max-image-preview:large, max-video-preview:-1\" \/>\n<link rel=\"canonical\" href=\"https:\/\/latamobility.com\/pt-br\/newsroom-br\/\" \/>\n<meta property=\"og:locale\" content=\"pt_BR\" \/>\n<meta property=\"og:type\" content=\"article\" \/>\n<meta property=\"og:title\" content=\"Newsroom br\" \/>\n<meta property=\"og:description\" content=\"dezembro 10, 2025 TENDENCIA M\u00e9xico | Nearshoring em 2025: entre a desacelera\u00e7\u00e3o, os riscos comerciais e o ajuste das expectativas dezembro 10, 2025 A Evergo amplia sua rede de recarga na Am\u00e9rica Latina e no Caribe dezembro 9, 2025 Porsche apresenta o 911 GT3 \u201cOcelot\u201d: uma homenagem \u00e0 biodiversidade latino-americana dezembro 8, 2025 Toyota apresenta...\" \/>\n<meta property=\"og:url\" content=\"https:\/\/latamobility.com\/pt-br\/newsroom-br\/\" \/>\n<meta property=\"og:site_name\" content=\"Latam Mobility\" \/>\n<meta property=\"article:publisher\" content=\"https:\/\/www.facebook.com\/latamobility\/\" \/>\n<meta property=\"article:modified_time\" content=\"2025-12-10T18:50:27+00:00\" \/>\n<meta property=\"og:image\" content=\"https:\/\/latamobility.com\/wp-content\/uploads\/2025\/12\/Nearshoring-081225-b.jpg\" \/>\n\t<meta property=\"og:image:width\" content=\"1920\" \/>\n\t<meta property=\"og:image:height\" content=\"1280\" \/>\n\t<meta property=\"og:image:type\" content=\"image\/jpeg\" \/>\n<meta name=\"twitter:card\" content=\"summary_large_image\" \/>\n<meta name=\"twitter:site\" content=\"@LataMobility\" \/>\n<meta name=\"twitter:label1\" content=\"Est. tempo de leitura\" \/>\n\t<meta name=\"twitter:data1\" content=\"4 minutos\" \/>\n<script type=\"application\/ld+json\" class=\"yoast-schema-graph\">{\"@context\":\"https:\\\/\\\/schema.org\",\"@graph\":[{\"@type\":\"WebPage\",\"@id\":\"https:\\\/\\\/latamobility.com\\\/pt-br\\\/newsroom-br\\\/\",\"url\":\"https:\\\/\\\/latamobility.com\\\/pt-br\\\/newsroom-br\\\/\",\"name\":\"Newsroom br - Latam Mobility\",\"isPartOf\":{\"@id\":\"https:\\\/\\\/latamobility.com\\\/#website\"},\"primaryImageOfPage\":{\"@id\":\"https:\\\/\\\/latamobility.com\\\/pt-br\\\/newsroom-br\\\/#primaryimage\"},\"image\":{\"@id\":\"https:\\\/\\\/latamobility.com\\\/pt-br\\\/newsroom-br\\\/#primaryimage\"},\"thumbnailUrl\":\"https:\\\/\\\/latamobility.com\\\/wp-content\\\/uploads\\\/2025\\\/12\\\/Nearshoring-081225-b.jpg\",\"datePublished\":\"2025-12-10T05:23:48+00:00\",\"dateModified\":\"2025-12-10T18:50:27+00:00\",\"breadcrumb\":{\"@id\":\"https:\\\/\\\/latamobility.com\\\/pt-br\\\/newsroom-br\\\/#breadcrumb\"},\"inLanguage\":\"pt-BR\",\"potentialAction\":[{\"@type\":\"ReadAction\",\"target\":[\"https:\\\/\\\/latamobility.com\\\/pt-br\\\/newsroom-br\\\/\"]}]},{\"@type\":\"ImageObject\",\"inLanguage\":\"pt-BR\",\"@id\":\"https:\\\/\\\/latamobility.com\\\/pt-br\\\/newsroom-br\\\/#primaryimage\",\"url\":\"https:\\\/\\\/latamobility.com\\\/wp-content\\\/uploads\\\/2025\\\/12\\\/Nearshoring-081225-b.jpg\",\"contentUrl\":\"https:\\\/\\\/latamobility.com\\\/wp-content\\\/uploads\\\/2025\\\/12\\\/Nearshoring-081225-b.jpg\"},{\"@type\":\"BreadcrumbList\",\"@id\":\"https:\\\/\\\/latamobility.com\\\/pt-br\\\/newsroom-br\\\/#breadcrumb\",\"itemListElement\":[{\"@type\":\"ListItem\",\"position\":1,\"name\":\"Portada\",\"item\":\"https:\\\/\\\/latamobility.com\\\/pt-br\\\/\"},{\"@type\":\"ListItem\",\"position\":2,\"name\":\"Newsroom br\"}]},{\"@type\":\"WebSite\",\"@id\":\"https:\\\/\\\/latamobility.com\\\/#website\",\"url\":\"https:\\\/\\\/latamobility.com\\\/\",\"name\":\"Latam Mobility\",\"description\":\"Serie de Eventos para promover la Movilidad y Transporte sostenible en Latinoam\u00e9rica\",\"publisher\":{\"@id\":\"https:\\\/\\\/latamobility.com\\\/#organization\"},\"potentialAction\":[{\"@type\":\"SearchAction\",\"target\":{\"@type\":\"EntryPoint\",\"urlTemplate\":\"https:\\\/\\\/latamobility.com\\\/?s={search_term_string}\"},\"query-input\":{\"@type\":\"PropertyValueSpecification\",\"valueRequired\":true,\"valueName\":\"search_term_string\"}}],\"inLanguage\":\"pt-BR\"},{\"@type\":\"Organization\",\"@id\":\"https:\\\/\\\/latamobility.com\\\/#organization\",\"name\":\"LATAM MOBILITY\",\"url\":\"https:\\\/\\\/latamobility.com\\\/\",\"logo\":{\"@type\":\"ImageObject\",\"inLanguage\":\"pt-BR\",\"@id\":\"https:\\\/\\\/latamobility.com\\\/#\\\/schema\\\/logo\\\/image\\\/\",\"url\":\"https:\\\/\\\/latamobility.com\\\/wp-content\\\/uploads\\\/2025\\\/01\\\/logos-LM-LG-2025-10.png\",\"contentUrl\":\"https:\\\/\\\/latamobility.com\\\/wp-content\\\/uploads\\\/2025\\\/01\\\/logos-LM-LG-2025-10.png\",\"width\":1080,\"height\":1080,\"caption\":\"LATAM MOBILITY\"},\"image\":{\"@id\":\"https:\\\/\\\/latamobility.com\\\/#\\\/schema\\\/logo\\\/image\\\/\"},\"sameAs\":[\"https:\\\/\\\/www.facebook.com\\\/latamobility\\\/\",\"https:\\\/\\\/x.com\\\/LataMobility\",\"https:\\\/\\\/www.instagram.com\\\/latamobility\\\/\",\"https:\\\/\\\/www.linkedin.com\\\/company\\\/latamobility\\\/\",\"https:\\\/\\\/www.youtube.com\\\/channel\\\/UCtcslRCRY0vITWaOQ1X0XUA\"]}]}<\/script>\n<!-- \/ Yoast SEO Premium plugin. -->","yoast_head_json":{"title":"Newsroom br - Latam Mobility","robots":{"index":"index","follow":"follow","max-snippet":"max-snippet:-1","max-image-preview":"max-image-preview:large","max-video-preview":"max-video-preview:-1"},"canonical":"https:\/\/latamobility.com\/pt-br\/newsroom-br\/","og_locale":"pt_BR","og_type":"article","og_title":"Newsroom br","og_description":"dezembro 10, 2025 TENDENCIA M\u00e9xico | Nearshoring em 2025: entre a desacelera\u00e7\u00e3o, os riscos comerciais e o ajuste das expectativas dezembro 10, 2025 A Evergo amplia sua rede de recarga na Am\u00e9rica Latina e no Caribe dezembro 9, 2025 Porsche apresenta o 911 GT3 \u201cOcelot\u201d: uma homenagem \u00e0 biodiversidade latino-americana dezembro 8, 2025 Toyota apresenta...","og_url":"https:\/\/latamobility.com\/pt-br\/newsroom-br\/","og_site_name":"Latam Mobility","article_publisher":"https:\/\/www.facebook.com\/latamobility\/","article_modified_time":"2025-12-10T18:50:27+00:00","og_image":[{"width":1920,"height":1280,"url":"https:\/\/latamobility.com\/wp-content\/uploads\/2025\/12\/Nearshoring-081225-b.jpg","type":"image\/jpeg"}],"twitter_card":"summary_large_image","twitter_site":"@LataMobility","twitter_misc":{"Est. tempo de leitura":"4 minutos"},"schema":{"@context":"https:\/\/schema.org","@graph":[{"@type":"WebPage","@id":"https:\/\/latamobility.com\/pt-br\/newsroom-br\/","url":"https:\/\/latamobility.com\/pt-br\/newsroom-br\/","name":"Newsroom br - Latam Mobility","isPartOf":{"@id":"https:\/\/latamobility.com\/#website"},"primaryImageOfPage":{"@id":"https:\/\/latamobility.com\/pt-br\/newsroom-br\/#primaryimage"},"image":{"@id":"https:\/\/latamobility.com\/pt-br\/newsroom-br\/#primaryimage"},"thumbnailUrl":"https:\/\/latamobility.com\/wp-content\/uploads\/2025\/12\/Nearshoring-081225-b.jpg","datePublished":"2025-12-10T05:23:48+00:00","dateModified":"2025-12-10T18:50:27+00:00","breadcrumb":{"@id":"https:\/\/latamobility.com\/pt-br\/newsroom-br\/#breadcrumb"},"inLanguage":"pt-BR","potentialAction":[{"@type":"ReadAction","target":["https:\/\/latamobility.com\/pt-br\/newsroom-br\/"]}]},{"@type":"ImageObject","inLanguage":"pt-BR","@id":"https:\/\/latamobility.com\/pt-br\/newsroom-br\/#primaryimage","url":"https:\/\/latamobility.com\/wp-content\/uploads\/2025\/12\/Nearshoring-081225-b.jpg","contentUrl":"https:\/\/latamobility.com\/wp-content\/uploads\/2025\/12\/Nearshoring-081225-b.jpg"},{"@type":"BreadcrumbList","@id":"https:\/\/latamobility.com\/pt-br\/newsroom-br\/#breadcrumb","itemListElement":[{"@type":"ListItem","position":1,"name":"Portada","item":"https:\/\/latamobility.com\/pt-br\/"},{"@type":"ListItem","position":2,"name":"Newsroom br"}]},{"@type":"WebSite","@id":"https:\/\/latamobility.com\/#website","url":"https:\/\/latamobility.com\/","name":"Latam Mobility","description":"Serie de Eventos para promover la Movilidad y Transporte sostenible en Latinoam\u00e9rica","publisher":{"@id":"https:\/\/latamobility.com\/#organization"},"potentialAction":[{"@type":"SearchAction","target":{"@type":"EntryPoint","urlTemplate":"https:\/\/latamobility.com\/?s={search_term_string}"},"query-input":{"@type":"PropertyValueSpecification","valueRequired":true,"valueName":"search_term_string"}}],"inLanguage":"pt-BR"},{"@type":"Organization","@id":"https:\/\/latamobility.com\/#organization","name":"LATAM MOBILITY","url":"https:\/\/latamobility.com\/","logo":{"@type":"ImageObject","inLanguage":"pt-BR","@id":"https:\/\/latamobility.com\/#\/schema\/logo\/image\/","url":"https:\/\/latamobility.com\/wp-content\/uploads\/2025\/01\/logos-LM-LG-2025-10.png","contentUrl":"https:\/\/latamobility.com\/wp-content\/uploads\/2025\/01\/logos-LM-LG-2025-10.png","width":1080,"height":1080,"caption":"LATAM MOBILITY"},"image":{"@id":"https:\/\/latamobility.com\/#\/schema\/logo\/image\/"},"sameAs":["https:\/\/www.facebook.com\/latamobility\/","https:\/\/x.com\/LataMobility","https:\/\/www.instagram.com\/latamobility\/","https:\/\/www.linkedin.com\/company\/latamobility\/","https:\/\/www.youtube.com\/channel\/UCtcslRCRY0vITWaOQ1X0XUA"]}]}},"_links":{"self":[{"href":"https:\/\/latamobility.com\/pt-br\/wp-json\/wp\/v2\/pages\/55697","targetHints":{"allow":["GET"]}}],"collection":[{"href":"https:\/\/latamobility.com\/pt-br\/wp-json\/wp\/v2\/pages"}],"about":[{"href":"https:\/\/latamobility.com\/pt-br\/wp-json\/wp\/v2\/types\/page"}],"author":[{"embeddable":true,"href":"https:\/\/latamobility.com\/pt-br\/wp-json\/wp\/v2\/users\/24"}],"replies":[{"embeddable":true,"href":"https:\/\/latamobility.com\/pt-br\/wp-json\/wp\/v2\/comments?post=55697"}],"version-history":[{"count":8,"href":"https:\/\/latamobility.com\/pt-br\/wp-json\/wp\/v2\/pages\/55697\/revisions"}],"predecessor-version":[{"id":55816,"href":"https:\/\/latamobility.com\/pt-br\/wp-json\/wp\/v2\/pages\/55697\/revisions\/55816"}],"wp:attachment":[{"href":"https:\/\/latamobility.com\/pt-br\/wp-json\/wp\/v2\/media?parent=55697"}],"curies":[{"name":"wp","href":"https:\/\/api.w.org\/{rel}","templated":true}]}}